{"version":"1.0","provider_name":"TIERHEIM MOERS","provider_url":"https:\/\/tierheim-moers.de\/Wordpress","author_name":"Lorena Heller","author_url":"https:\/\/tierheim-moers.de\/Wordpress\/author\/kleintiere\/","title":"Clara - Ausgesetzt im Karton...Vermittelt 20.08.2025 mit Fuchs | TIERHEIM MOERS","type":"rich","width":600,"height":338,"html":"<blockquote class=\"wp-embedded-content\" data-secret=\"OlPypq5gls\"><a href=\"https:\/\/tierheim-moers.de\/Wordpress\/clara-ausgesetzt-im-karton\/\">Clara &#8211; Ausgesetzt im Karton&#8230;Vermittelt 20.08.2025 mit Fuchs<\/a><\/blockquote><iframe sandbox=\"allow-scripts\" security=\"restricted\" src=\"https:\/\/tierheim-moers.de\/Wordpress\/clara-ausgesetzt-im-karton\/embed\/#?secret=OlPypq5gls\" width=\"600\" height=\"338\" title=\"&#8222;Clara &#8211; Ausgesetzt im Karton&#8230;Vermittelt 20.08.2025 mit Fuchs&#8220; &#8211; TIERHEIM MOERS\" data-secret=\"OlPypq5gls\" frameborder=\"0\" marginwidth=\"0\" marginheight=\"0\" scrolling=\"no\" class=\"wp-embedded-content\"><\/iframe><script type=\"text\/javascript\">\n\/* <![CDATA[ *\/\n\/*! This file is auto-generated *\/\n!function(d,l){\"use strict\";l.querySelector&&d.addEventListener&&\"undefined\"!=typeof URL&&(d.wp=d.wp||{},d.wp.receiveEmbedMessage||(d.wp.receiveEmbedMessage=function(e){var t=e.data;if((t||t.secret||t.message||t.value)&&!\/[^a-zA-Z0-9]\/.test(t.secret)){for(var s,r,n,a=l.querySelectorAll('iframe[data-secret=\"'+t.secret+'\"]'),o=l.querySelectorAll('blockquote[data-secret=\"'+t.secret+'\"]'),c=new RegExp(\"^https?:$\",\"i\"),i=0;i<o.length;i++)o[i].style.display=\"none\";for(i=0;i<a.length;i++)s=a[i],e.source===s.contentWindow&&(s.removeAttribute(\"style\"),\"height\"===t.message?(1e3<(r=parseInt(t.value,10))?r=1e3:~~r<200&&(r=200),s.height=r):\"link\"===t.message&&(r=new URL(s.getAttribute(\"src\")),n=new URL(t.value),c.test(n.protocol))&&n.host===r.host&&l.activeElement===s&&(d.top.location.href=t.value))}},d.addEventListener(\"message\",d.wp.receiveEmbedMessage,!1),l.addEventListener(\"DOMContentLoaded\",function(){for(var e,t,s=l.querySelectorAll(\"iframe.wp-embedded-content\"),r=0;r<s.length;r++)(t=(e=s[r]).getAttribute(\"data-secret\"))||(t=Math.random().toString(36).substring(2,12),e.src+=\"#?secret=\"+t,e.setAttribute(\"data-secret\",t)),e.contentWindow.postMessage({message:\"ready\",secret:t},\"*\")},!1)))}(window,document);\n\/\/# sourceURL=https:\/\/tierheim-moers.de\/Wordpress\/wp-includes\/js\/wp-embed.min.js\n\/* ]]> *\/\n<\/script>\n","thumbnail_url":"https:\/\/tierheim-moers.de\/Wordpress\/wp-content\/uploads\/2025\/06\/20250624_1525101-scaled.jpg","thumbnail_width":2560,"thumbnail_height":1707,"description":"Clara und Fuchs wurden zusammen in einem Karton ausgesetzt. Nach einer kurzen Quarant\u00e4nezeit k\u00f6nnen die beiden jetzt zusammen oder getrennt vermittelt werden. Gerne w\u00fcrde Clara in ein kaninchengerechtes Au\u00dfengehege ziehen, mit ausreichend Platz und gen\u00fcgend M\u00f6glichkeiten zum Buddeln. Durch ihre besondere Fellbeschaffenheit sollte ein Au\u00dfengehege gr\u00f6\u00dftenteils \u00fcberdacht oder mit Schattenpl\u00e4tzen &#8230;"}