{"version":"1.0","provider_name":"TIERHEIM MOERS","provider_url":"https:\/\/tierheim-moers.de\/Wordpress","author_name":"Gisela Kuhnen","author_url":"https:\/\/tierheim-moers.de\/Wordpress\/author\/gisela-kuhnen\/","title":"Imago \/ Mikesch hat die Regenbogenbr\u00fccke \u00fcberschritten | TIERHEIM MOERS","type":"rich","width":600,"height":338,"html":"<blockquote class=\"wp-embedded-content\" data-secret=\"r9gMlMOWAb\"><a href=\"https:\/\/tierheim-moers.de\/Wordpress\/imago-mikesch-hat-die-regenbogenbruecke-ueberschritten\/\">Imago \/ Mikesch hat die Regenbogenbr\u00fccke \u00fcberschritten<\/a><\/blockquote><iframe sandbox=\"allow-scripts\" security=\"restricted\" src=\"https:\/\/tierheim-moers.de\/Wordpress\/imago-mikesch-hat-die-regenbogenbruecke-ueberschritten\/embed\/#?secret=r9gMlMOWAb\" width=\"600\" height=\"338\" title=\"&#8222;Imago \/ Mikesch hat die Regenbogenbr\u00fccke \u00fcberschritten&#8220; &#8211; TIERHEIM MOERS\" data-secret=\"r9gMlMOWAb\" frameborder=\"0\" marginwidth=\"0\" marginheight=\"0\" scrolling=\"no\" class=\"wp-embedded-content\"><\/iframe><script type=\"text\/javascript\">\n\/* <![CDATA[ *\/\n\/*! This file is auto-generated *\/\n!function(d,l){\"use strict\";l.querySelector&&d.addEventListener&&\"undefined\"!=typeof URL&&(d.wp=d.wp||{},d.wp.receiveEmbedMessage||(d.wp.receiveEmbedMessage=function(e){var t=e.data;if((t||t.secret||t.message||t.value)&&!\/[^a-zA-Z0-9]\/.test(t.secret)){for(var s,r,n,a=l.querySelectorAll('iframe[data-secret=\"'+t.secret+'\"]'),o=l.querySelectorAll('blockquote[data-secret=\"'+t.secret+'\"]'),c=new RegExp(\"^https?:$\",\"i\"),i=0;i<o.length;i++)o[i].style.display=\"none\";for(i=0;i<a.length;i++)s=a[i],e.source===s.contentWindow&&(s.removeAttribute(\"style\"),\"height\"===t.message?(1e3<(r=parseInt(t.value,10))?r=1e3:~~r<200&&(r=200),s.height=r):\"link\"===t.message&&(r=new URL(s.getAttribute(\"src\")),n=new URL(t.value),c.test(n.protocol))&&n.host===r.host&&l.activeElement===s&&(d.top.location.href=t.value))}},d.addEventListener(\"message\",d.wp.receiveEmbedMessage,!1),l.addEventListener(\"DOMContentLoaded\",function(){for(var e,t,s=l.querySelectorAll(\"iframe.wp-embedded-content\"),r=0;r<s.length;r++)(t=(e=s[r]).getAttribute(\"data-secret\"))||(t=Math.random().toString(36).substring(2,12),e.src+=\"#?secret=\"+t,e.setAttribute(\"data-secret\",t)),e.contentWindow.postMessage({message:\"ready\",secret:t},\"*\")},!1)))}(window,document);\n\/\/# sourceURL=https:\/\/tierheim-moers.de\/Wordpress\/wp-includes\/js\/wp-embed.min.js\n\/* ]]> *\/\n<\/script>\n","thumbnail_url":"https:\/\/tierheim-moers.de\/Wordpress\/wp-content\/uploads\/2017\/02\/imago8.jpg","thumbnail_width":900,"thumbnail_height":1600,"description":"Heute haben wir erfahren, dass unser ehemaliger Oldi-Kater Imago , jetzt Mikesch, heute morgen die Regenbogenbr\u00fccke im gesegneten Alter von fast 20 Jahren \u00fcberschritten hat.\u00a0 Er starb in den Armen seiner \u00dcbernehmerin, die ihn voll Liebe und Hingabe in den letzten Monaten verw\u00f6hnt hat und ihm alle W\u00fcnsche von den &#8230;"}