{"version":"1.0","provider_name":"TIERHEIM MOERS","provider_url":"https:\/\/tierheim-moers.de\/Wordpress","author_name":"Gisela Kuhnen","author_url":"https:\/\/tierheim-moers.de\/Wordpress\/author\/gisela-kuhnen\/","title":"Kuscheldecken f\u00fcr die Fellnasen | TIERHEIM MOERS","type":"rich","width":600,"height":338,"html":"<blockquote class=\"wp-embedded-content\" data-secret=\"pqUu6bugUV\"><a href=\"https:\/\/tierheim-moers.de\/Wordpress\/kuscheldecken-fuer-die-fellnasen\/\">Kuscheldecken f\u00fcr die Fellnasen<\/a><\/blockquote><iframe sandbox=\"allow-scripts\" security=\"restricted\" src=\"https:\/\/tierheim-moers.de\/Wordpress\/kuscheldecken-fuer-die-fellnasen\/embed\/#?secret=pqUu6bugUV\" width=\"600\" height=\"338\" title=\"&#8222;Kuscheldecken f\u00fcr die Fellnasen&#8220; &#8211; TIERHEIM MOERS\" data-secret=\"pqUu6bugUV\" frameborder=\"0\" marginwidth=\"0\" marginheight=\"0\" scrolling=\"no\" class=\"wp-embedded-content\"><\/iframe><script type=\"text\/javascript\">\n\/* <![CDATA[ *\/\n\/*! This file is auto-generated *\/\n!function(d,l){\"use strict\";l.querySelector&&d.addEventListener&&\"undefined\"!=typeof URL&&(d.wp=d.wp||{},d.wp.receiveEmbedMessage||(d.wp.receiveEmbedMessage=function(e){var t=e.data;if((t||t.secret||t.message||t.value)&&!\/[^a-zA-Z0-9]\/.test(t.secret)){for(var s,r,n,a=l.querySelectorAll('iframe[data-secret=\"'+t.secret+'\"]'),o=l.querySelectorAll('blockquote[data-secret=\"'+t.secret+'\"]'),c=new RegExp(\"^https?:$\",\"i\"),i=0;i<o.length;i++)o[i].style.display=\"none\";for(i=0;i<a.length;i++)s=a[i],e.source===s.contentWindow&&(s.removeAttribute(\"style\"),\"height\"===t.message?(1e3<(r=parseInt(t.value,10))?r=1e3:~~r<200&&(r=200),s.height=r):\"link\"===t.message&&(r=new URL(s.getAttribute(\"src\")),n=new URL(t.value),c.test(n.protocol))&&n.host===r.host&&l.activeElement===s&&(d.top.location.href=t.value))}},d.addEventListener(\"message\",d.wp.receiveEmbedMessage,!1),l.addEventListener(\"DOMContentLoaded\",function(){for(var e,t,s=l.querySelectorAll(\"iframe.wp-embedded-content\"),r=0;r<s.length;r++)(t=(e=s[r]).getAttribute(\"data-secret\"))||(t=Math.random().toString(36).substring(2,12),e.src+=\"#?secret=\"+t,e.setAttribute(\"data-secret\",t)),e.contentWindow.postMessage({message:\"ready\",secret:t},\"*\")},!1)))}(window,document);\n\/\/# sourceURL=https:\/\/tierheim-moers.de\/Wordpress\/wp-includes\/js\/wp-embed.min.js\n\/* ]]> *\/\n<\/script>\n","thumbnail_url":"https:\/\/tierheim-moers.de\/Wordpress\/wp-content\/uploads\/2017\/06\/spende-kaffeer\u00f6sterei-Andere.jpg","thumbnail_width":900,"thumbnail_height":675,"description":"Auch wenn die momentane Wettersituation uns vielleicht den Schwei\u00df auf die Stirn jagt, freuen wir uns trotzdem riesig \u00fcber einen Schwung toller Kuscheldecken f\u00fcr unsere vierbeinigen Bewohner. Kater M\u00e4xchen, selbst ein ehemaliger Bewohner des Tierheims (damals Bruno) hat die Decken schon mal vorsorglich begutachtet und meinte, das w\u00e4re genau das &#8230;"}