{"version":"1.0","provider_name":"TIERHEIM MOERS","provider_url":"https:\/\/tierheim-moers.de\/Wordpress","author_name":"Kathrin Novotny","author_url":"https:\/\/tierheim-moers.de\/Wordpress\/author\/kathrin\/","title":"Paulchen ... hat den Schalk im Nacken - vermittelt 23.01.2024 | TIERHEIM MOERS","type":"rich","width":600,"height":338,"html":"<blockquote class=\"wp-embedded-content\" data-secret=\"pTDn6ivY3G\"><a href=\"https:\/\/tierheim-moers.de\/Wordpress\/paulchen-hat-den-schalk-im-nacken\/\">Paulchen &#8230; hat den Schalk im Nacken &#8211; vermittelt 23.01.2024<\/a><\/blockquote><iframe sandbox=\"allow-scripts\" security=\"restricted\" src=\"https:\/\/tierheim-moers.de\/Wordpress\/paulchen-hat-den-schalk-im-nacken\/embed\/#?secret=pTDn6ivY3G\" width=\"600\" height=\"338\" title=\"&#8222;Paulchen &#8230; hat den Schalk im Nacken &#8211; vermittelt 23.01.2024&#8220; &#8211; TIERHEIM MOERS\" data-secret=\"pTDn6ivY3G\" frameborder=\"0\" marginwidth=\"0\" marginheight=\"0\" scrolling=\"no\" class=\"wp-embedded-content\"><\/iframe><script type=\"text\/javascript\">\n\/* <![CDATA[ *\/\n\/*! This file is auto-generated *\/\n!function(d,l){\"use strict\";l.querySelector&&d.addEventListener&&\"undefined\"!=typeof URL&&(d.wp=d.wp||{},d.wp.receiveEmbedMessage||(d.wp.receiveEmbedMessage=function(e){var t=e.data;if((t||t.secret||t.message||t.value)&&!\/[^a-zA-Z0-9]\/.test(t.secret)){for(var s,r,n,a=l.querySelectorAll('iframe[data-secret=\"'+t.secret+'\"]'),o=l.querySelectorAll('blockquote[data-secret=\"'+t.secret+'\"]'),c=new RegExp(\"^https?:$\",\"i\"),i=0;i<o.length;i++)o[i].style.display=\"none\";for(i=0;i<a.length;i++)s=a[i],e.source===s.contentWindow&&(s.removeAttribute(\"style\"),\"height\"===t.message?(1e3<(r=parseInt(t.value,10))?r=1e3:~~r<200&&(r=200),s.height=r):\"link\"===t.message&&(r=new URL(s.getAttribute(\"src\")),n=new URL(t.value),c.test(n.protocol))&&n.host===r.host&&l.activeElement===s&&(d.top.location.href=t.value))}},d.addEventListener(\"message\",d.wp.receiveEmbedMessage,!1),l.addEventListener(\"DOMContentLoaded\",function(){for(var e,t,s=l.querySelectorAll(\"iframe.wp-embedded-content\"),r=0;r<s.length;r++)(t=(e=s[r]).getAttribute(\"data-secret\"))||(t=Math.random().toString(36).substring(2,12),e.src+=\"#?secret=\"+t,e.setAttribute(\"data-secret\",t)),e.contentWindow.postMessage({message:\"ready\",secret:t},\"*\")},!1)))}(window,document);\n\/\/# sourceURL=https:\/\/tierheim-moers.de\/Wordpress\/wp-includes\/js\/wp-embed.min.js\n\/* ]]> *\/\n<\/script>\n","thumbnail_url":"https:\/\/tierheim-moers.de\/Wordpress\/wp-content\/uploads\/2023\/12\/Paulchen.jpg","thumbnail_width":1200,"thumbnail_height":840,"description":"Paulchen kam mit seiner Mutter Charlotte als Fundkatze zu uns. Inzwischen ist er selbstst\u00e4ndig geworden, in unsere Kittenstube umgezogen und bereit f\u00fcr ein neues Zuhause. Ganz so s\u00fc\u00df wie der kleine wei\u00dfe Kater mit den zweifarbigen Augen aussieht, ist er nicht &#8230; er hat es kittentypisch faustdick hinter den Ohren. &#8230;"}