{"id":11115,"date":"2016-06-13T20:06:56","date_gmt":"2016-06-13T18:06:56","guid":{"rendered":"http:\/\/tierheim-moers.de\/Wordpress\/?page_id=11115"},"modified":"2019-12-07T16:28:47","modified_gmt":"2019-12-07T14:28:47","slug":"tierschutzjugend","status":"publish","type":"page","link":"https:\/\/tierheim-moers.de\/Wordpress\/tierschutzjugend\/","title":{"rendered":"Tierschutzjugend"},"content":{"rendered":"\t\t<div data-elementor-type=\"wp-post\" data-elementor-id=\"11115\" class=\"elementor elementor-11115\">\n\t\t\t\t\t\t<section class=\"elementor-section elementor-top-section elementor-element elementor-element-104de7f elementor-section-boxed elementor-section-height-default elementor-section-height-default\" data-id=\"104de7f\" data-element_type=\"section\">\n\t\t\t\t\t\t<div class=\"elementor-container elementor-column-gap-default\">\n\t\t\t\t\t<div class=\"elementor-column elementor-col-100 elementor-top-column elementor-element elementor-element-5dbc13a\" data-id=\"5dbc13a\" data-element_type=\"column\">\n\t\t\t<div class=\"elementor-widget-wrap elementor-element-populated\">\n\t\t\t\t\t\t<div class=\"elementor-element elementor-element-3c34272 elementor-widget elementor-widget-text-editor\" data-id=\"3c34272\" data-element_type=\"widget\" data-widget_type=\"text-editor.default\">\n\t\t\t\t<div class=\"elementor-widget-container\">\n\t\t\t\t\t\t\t\t\t<p>Die Tierschutzjugend trifft sich immer am ersten Samstag im Monat im Tierheim. <strong><em>Im Moment sind alle Pl\u00e4tze besetzt, w\u00fcrdest Du aber auch gerne mitmachen, dann schick doch einfach eine Email an\u00a0<a href=\"mailto:tierschutzjugend@tierheim-moers.de\">tierschutzjugend@tierheim-moers.de<\/a>\u00a0!<\/em><\/strong><\/p>\t\t\t\t\t\t\t\t<\/div>\n\t\t\t\t<\/div>\n\t\t\t\t\t<\/div>\n\t\t<\/div>\n\t\t\t\t\t<\/div>\n\t\t<\/section>\n\t\t\t\t<section class=\"elementor-section elementor-top-section elementor-element elementor-element-d65b9ce elementor-section-boxed elementor-section-height-default elementor-section-height-default\" data-id=\"d65b9ce\" data-element_type=\"section\">\n\t\t\t\t\t\t<div class=\"elementor-container elementor-column-gap-default\">\n\t\t\t\t\t<div class=\"elementor-column elementor-col-100 elementor-top-column elementor-element elementor-element-ed855d5\" data-id=\"ed855d5\" data-element_type=\"column\">\n\t\t\t<div class=\"elementor-widget-wrap elementor-element-populated\">\n\t\t\t\t\t\t<div class=\"elementor-element elementor-element-355d9b6 elementor-arrows-position-inside elementor-pagination-position-outside elementor-widget elementor-widget-image-carousel\" data-id=\"355d9b6\" data-element_type=\"widget\" data-settings=\"{&quot;navigation&quot;:&quot;both&quot;,&quot;autoplay&quot;:&quot;yes&quot;,&quot;pause_on_hover&quot;:&quot;yes&quot;,&quot;pause_on_interaction&quot;:&quot;yes&quot;,&quot;autoplay_speed&quot;:5000,&quot;infinite&quot;:&quot;yes&quot;,&quot;speed&quot;:500}\" data-widget_type=\"image-carousel.default\">\n\t\t\t\t<div class=\"elementor-widget-container\">\n\t\t\t\t\t\t\t<div class=\"elementor-image-carousel-wrapper swiper\" role=\"region\" aria-roledescription=\"carousel\" aria-label=\"Bild Karussell\" dir=\"ltr\">\n\t\t\t<div class=\"elementor-image-carousel swiper-wrapper\" aria-live=\"off\">\n\t\t\t\t\t\t\t\t<div class=\"swiper-slide\" role=\"group\" aria-roledescription=\"slide\" aria-label=\"1 von 12\"><figure class=\"swiper-slide-inner\"><img decoding=\"async\" class=\"swiper-slide-image\" src=\"https:\/\/tierheim-moers.de\/Wordpress\/wp-content\/uploads\/2016\/06\/13404001_1135528069848236_1825998607589916345_o-150x150.jpg\" alt=\"Rundgang durch das Tierheim. Was ist eine Quarant\u00e4ne?\" \/><figcaption class=\"elementor-image-carousel-caption\">Rundgang durch das Tierheim. Was ist eine Quarant\u00e4ne?<\/figcaption><\/figure><\/div><div class=\"swiper-slide\" role=\"group\" aria-roledescription=\"slide\" aria-label=\"2 von 12\"><figure class=\"swiper-slide-inner\"><img decoding=\"async\" class=\"swiper-slide-image\" src=\"https:\/\/tierheim-moers.de\/Wordpress\/wp-content\/uploads\/2016\/06\/13403309_1135528149848228_2315491049220358374_o-150x150.jpg\" alt=\"...in der Futterk\u00fcche des alten Hundehauses\" \/><figcaption class=\"elementor-image-carousel-caption\">...in der Futterk\u00fcche des alten Hundehauses<\/figcaption><\/figure><\/div><div class=\"swiper-slide\" role=\"group\" aria-roledescription=\"slide\" aria-label=\"3 von 12\"><figure class=\"swiper-slide-inner\"><img decoding=\"async\" class=\"swiper-slide-image\" src=\"https:\/\/tierheim-moers.de\/Wordpress\/wp-content\/uploads\/2016\/06\/13391433_1135528036514906_3783990307883873386_o-150x150.jpg\" alt=\"...im G\u00e4nsemarsch ins Kleintierhaus\" \/><figcaption class=\"elementor-image-carousel-caption\">...im G\u00e4nsemarsch ins Kleintierhaus<\/figcaption><\/figure><\/div><div class=\"swiper-slide\" role=\"group\" aria-roledescription=\"slide\" aria-label=\"4 von 12\"><figure class=\"swiper-slide-inner\"><img decoding=\"async\" class=\"swiper-slide-image\" src=\"https:\/\/tierheim-moers.de\/Wordpress\/wp-content\/uploads\/2016\/06\/13350283_1135528133181563_2388491818911074192_o-150x150.jpg\" alt=\"das kleine Hundehaus\" \/><figcaption class=\"elementor-image-carousel-caption\">das kleine Hundehaus<\/figcaption><\/figure><\/div><div class=\"swiper-slide\" role=\"group\" aria-roledescription=\"slide\" aria-label=\"5 von 12\"><figure class=\"swiper-slide-inner\"><img decoding=\"async\" class=\"swiper-slide-image\" src=\"https:\/\/tierheim-moers.de\/Wordpress\/wp-content\/uploads\/2016\/06\/13344680_1135527863181590_5136859703551521718_n-150x150.jpg\" alt=\"13344680_1135527863181590_5136859703551521718_n\" \/><\/figure><\/div><div class=\"swiper-slide\" role=\"group\" aria-roledescription=\"slide\" aria-label=\"6 von 12\"><figure class=\"swiper-slide-inner\"><img decoding=\"async\" class=\"swiper-slide-image\" src=\"https:\/\/tierheim-moers.de\/Wordpress\/wp-content\/uploads\/2016\/06\/13340079_1135527943181582_1464998830216214933_o-150x150.jpg\" alt=\"Die ersten zw\u00f6lf Teilnehmer der neuen Tierschutzjugend mit den Betreuerinnen\" \/><figcaption class=\"elementor-image-carousel-caption\">Die ersten zw\u00f6lf Teilnehmer der neuen Tierschutzjugend mit den Betreuerinnen<\/figcaption><\/figure><\/div><div class=\"swiper-slide\" role=\"group\" aria-roledescription=\"slide\" aria-label=\"7 von 12\"><figure class=\"swiper-slide-inner\"><img decoding=\"async\" class=\"swiper-slide-image\" src=\"https:\/\/tierheim-moers.de\/Wordpress\/wp-content\/uploads\/2016\/06\/13335516_1135528039848239_8397400337299532136_n-150x150.jpg\" alt=\"ein Blick in die Wildtiervoliere\" \/><figcaption class=\"elementor-image-carousel-caption\">ein Blick in die Wildtiervoliere<\/figcaption><\/figure><\/div><div class=\"swiper-slide\" role=\"group\" aria-roledescription=\"slide\" aria-label=\"8 von 12\"><figure class=\"swiper-slide-inner\"><img decoding=\"async\" class=\"swiper-slide-image\" src=\"https:\/\/tierheim-moers.de\/Wordpress\/wp-content\/uploads\/2016\/06\/13320835_1135527919848251_4514450776819926561_o-150x150.jpg\" alt=\"Spielen und chillen auf der Hundewiese\" \/><figcaption class=\"elementor-image-carousel-caption\">Spielen und chillen auf der Hundewiese<\/figcaption><\/figure><\/div><div class=\"swiper-slide\" role=\"group\" aria-roledescription=\"slide\" aria-label=\"9 von 12\"><figure class=\"swiper-slide-inner\"><img decoding=\"async\" class=\"swiper-slide-image\" src=\"https:\/\/tierheim-moers.de\/Wordpress\/wp-content\/uploads\/2016\/06\/13320755_1135527909848252_4989919554135539380_o-150x150.jpg\" alt=\"Ganz leise: Eingangsuntersuchung beim Tierheim-Tierarzt\" \/><figcaption class=\"elementor-image-carousel-caption\">Ganz leise: Eingangsuntersuchung beim Tierheim-Tierarzt<\/figcaption><\/figure><\/div><div class=\"swiper-slide\" role=\"group\" aria-roledescription=\"slide\" aria-label=\"10 von 12\"><figure class=\"swiper-slide-inner\"><img decoding=\"async\" class=\"swiper-slide-image\" src=\"https:\/\/tierheim-moers.de\/Wordpress\/wp-content\/uploads\/2016\/06\/13320365_1135528103181566_6995847931775444255_o-150x150.jpg\" alt=\"Plastikm\u00fcll ist kein sch\u00f6nes Zuhause f\u00fcr Hamster &amp; Co.\" \/><figcaption class=\"elementor-image-carousel-caption\">Plastikm\u00fcll ist kein sch\u00f6nes Zuhause f\u00fcr Hamster &amp; Co.<\/figcaption><\/figure><\/div><div class=\"swiper-slide\" role=\"group\" aria-roledescription=\"slide\" aria-label=\"11 von 12\"><figure class=\"swiper-slide-inner\"><img decoding=\"async\" class=\"swiper-slide-image\" src=\"https:\/\/tierheim-moers.de\/Wordpress\/wp-content\/uploads\/2016\/06\/13316908_1135528286514881_6896066719048365287_o-150x150.jpg\" alt=\"Anschlie\u00dfend wurden &quot;Regeln f\u00fcr die Tierh\u00e4user&quot; gebastelt\" \/><figcaption class=\"elementor-image-carousel-caption\">Anschlie\u00dfend wurden \"Regeln f\u00fcr die Tierh\u00e4user\" gebastelt<\/figcaption><\/figure><\/div><div class=\"swiper-slide\" role=\"group\" aria-roledescription=\"slide\" aria-label=\"12 von 12\"><figure class=\"swiper-slide-inner\"><img decoding=\"async\" class=\"swiper-slide-image\" src=\"https:\/\/tierheim-moers.de\/Wordpress\/wp-content\/uploads\/2016\/06\/13307468_1135528019848241_1456493235225041388_n-150x150.jpg\" alt=\"im Katzenhaus\" \/><figcaption class=\"elementor-image-carousel-caption\">im Katzenhaus<\/figcaption><\/figure><\/div>\t\t\t<\/div>\n\t\t\t\t\t\t\t\t\t\t\t\t<div class=\"elementor-swiper-button elementor-swiper-button-prev\" role=\"button\" tabindex=\"0\">\n\t\t\t\t\t\t<i aria-hidden=\"true\" class=\"eicon-chevron-left\"><\/i>\t\t\t\t\t<\/div>\n\t\t\t\t\t<div class=\"elementor-swiper-button elementor-swiper-button-next\" role=\"button\" tabindex=\"0\">\n\t\t\t\t\t\t<i aria-hidden=\"true\" class=\"eicon-chevron-right\"><\/i>\t\t\t\t\t<\/div>\n\t\t\t\t\n\t\t\t\t\t\t\t\t\t<div class=\"swiper-pagination\"><\/div>\n\t\t\t\t\t\t\t\t\t<\/div>\n\t\t\t\t\t\t<\/div>\n\t\t\t\t<\/div>\n\t\t\t\t\t<\/div>\n\t\t<\/div>\n\t\t\t\t\t<\/div>\n\t\t<\/section>\n\t\t\t\t<section class=\"elementor-section elementor-top-section elementor-element elementor-element-ec0330c elementor-section-boxed elementor-section-height-default elementor-section-height-default\" data-id=\"ec0330c\" data-element_type=\"section\">\n\t\t\t\t\t\t<div class=\"elementor-container elementor-column-gap-default\">\n\t\t\t\t\t<div class=\"elementor-column elementor-col-100 elementor-top-column elementor-element elementor-element-dbba8d9\" data-id=\"dbba8d9\" data-element_type=\"column\">\n\t\t\t<div class=\"elementor-widget-wrap elementor-element-populated\">\n\t\t\t\t\t\t<div class=\"elementor-element elementor-element-e01f0c9 elementor-widget-divider--view-line elementor-widget elementor-widget-divider\" data-id=\"e01f0c9\" data-element_type=\"widget\" data-widget_type=\"divider.default\">\n\t\t\t\t<div class=\"elementor-widget-container\">\n\t\t\t\t\t\t\t<div class=\"elementor-divider\">\n\t\t\t<span class=\"elementor-divider-separator\">\n\t\t\t\t\t\t<\/span>\n\t\t<\/div>\n\t\t\t\t\t\t<\/div>\n\t\t\t\t<\/div>\n\t\t\t\t\t<\/div>\n\t\t<\/div>\n\t\t\t\t\t<\/div>\n\t\t<\/section>\n\t\t\t\t<section class=\"elementor-section elementor-top-section elementor-element elementor-element-a97f938 elementor-section-boxed elementor-section-height-default elementor-section-height-default\" data-id=\"a97f938\" data-element_type=\"section\">\n\t\t\t\t\t\t<div class=\"elementor-container elementor-column-gap-default\">\n\t\t\t\t\t<div class=\"elementor-column elementor-col-100 elementor-top-column elementor-element elementor-element-46b1446\" data-id=\"46b1446\" data-element_type=\"column\">\n\t\t\t<div class=\"elementor-widget-wrap elementor-element-populated\">\n\t\t\t\t\t\t<div class=\"elementor-element elementor-element-7edd992 elementor-widget elementor-widget-heading\" data-id=\"7edd992\" data-element_type=\"widget\" data-widget_type=\"heading.default\">\n\t\t\t\t<div class=\"elementor-widget-container\">\n\t\t\t\t\t<h2 class=\"elementor-heading-title elementor-size-default\">TSJ-Ausflug an die Nordsee <\/h2>\t\t\t\t<\/div>\n\t\t\t\t<\/div>\n\t\t\t\t\t<\/div>\n\t\t<\/div>\n\t\t\t\t\t<\/div>\n\t\t<\/section>\n\t\t\t\t<section class=\"elementor-section elementor-top-section elementor-element elementor-element-ae68ae4 elementor-section-boxed elementor-section-height-default elementor-section-height-default\" data-id=\"ae68ae4\" data-element_type=\"section\">\n\t\t\t\t\t\t<div class=\"elementor-container elementor-column-gap-default\">\n\t\t\t\t\t<div class=\"elementor-column elementor-col-66 elementor-top-column elementor-element elementor-element-cb09ab2\" data-id=\"cb09ab2\" data-element_type=\"column\">\n\t\t\t<div class=\"elementor-widget-wrap elementor-element-populated\">\n\t\t\t\t\t\t<div class=\"elementor-element elementor-element-503abf0 elementor-widget elementor-widget-heading\" data-id=\"503abf0\" data-element_type=\"widget\" data-widget_type=\"heading.default\">\n\t\t\t\t<div class=\"elementor-widget-container\">\n\t\t\t\t\t<h2 class=\"elementor-heading-title elementor-size-small\">Oktober 2019<\/h2>\t\t\t\t<\/div>\n\t\t\t\t<\/div>\n\t\t\t\t<div class=\"elementor-element elementor-element-81e33cd elementor-widget elementor-widget-text-editor\" data-id=\"81e33cd\" data-element_type=\"widget\" data-widget_type=\"text-editor.default\">\n\t\t\t\t<div class=\"elementor-widget-container\">\n\t\t\t\t\t\t\t\t\t<p>Schon l\u00e4nger hat sich unsere Tierschutzjugend gew\u00fcnscht mal \u00fcber den eigenen \u201cTierschutz-Tellerrand\u201d zu schauen und im Rahmen eines Wochenendausflugs andere spannende Projekte kennen zu lernen.<br \/>Dank toller Spenden an unsere k\u00fcnftigen Tiersch\u00fctzer \u2013 wovon eine mit den mahnenden Worten \u201cDas d\u00fcrft Ihr nur f\u00fcr Euch nutzen\u201d \u00fcberreicht wurde \u2013 konnte dieser lang gehegte Wunsch am letzten Wochenende in den Herbstferien umgesetzt werden.<br \/>Mit zwei 9-Sitz<span class=\"text_exposed_show\">ern, 14 Kindern im Alter von 8 bis 17 Jahren und zwei Jugendbetreuern ging es Freitag morgen los in Richtung Ne\u00dfmersiel.<br \/>Der Freitag stand ganz unter dem Motto: Anreise, Einrichten, Zimmer verteilen und gemeinsam den ersten Tag ausklingen lassen. Die Betreuer stellten sich der Herausforderung, Spaghetti f\u00fcr 16 Personen zu kochen, und die Kids haben flei\u00dfig geholfen, den Tisch zu decken und anschlie\u00dfend die K\u00fcche aufzur\u00e4umen.<br \/>Samstag wartete dann jede Menge Input auf den Wissensdurst der jungen Tiersch\u00fctzer. Nach dem Fr\u00fchst\u00fcck ging es nach Norddeich in die Seehundaufzuchtstation. Nach Begehung der Ausstellung und F\u00fctterung der Heuler, lauschten die Kids einem spannenden Vortrag \u00fcber die Aufzucht und Auswilderung der Seehunde.<br \/>Vor der 2st\u00fcndigen Wattwanderung am Nachmittag, gab es noch eine Pfannkuchenst\u00e4rkung in der Unterkunft. Trotz des herbstlichen Nordseewetters schl\u00fcpften die Kids aus den Stiefeln und erkundeten zwei Stunden das Watt. Die Wattf\u00fchrerin war nicht nur beeindruckt davon, dass die \u201cLandratten\u201d ohne Hemmung und Klagen das Watt barfuss erkundeten \u2026 sie bekam zum Dank auch noch eine Dusche, als eine junge Dame aus der Tierschutzjugend beim anschlie\u00dfenden F\u00fcsse waschen die Kn\u00f6pfe f\u00fcr Fussdusche und K\u00f6rperdusche verwechselte.<br \/>Zur\u00fcck im Wochenenddomizil gab es dann doch einen kleinen R\u00fcckstau vor den Badezimmert\u00fcren, da alle nach Watt und Nordseewetter duschen wollten.<br \/>Aufgew\u00e4rmt und sauber veranstalteten die Jugendbetreuer Antonia, Miles und Jona eine toll vorbereitete, gro\u00dfe Nordseerallye \u2013 ein W\u00fcrfelspiel, bei dem die Kids in vier Gruppen viele Fragen zum Thema Nordsee beantworten mussten. Lehrreich und lustig \u2026 denn bei falschen Antworten galt es, lustige Strafaufgaben zu erf\u00fcllen.<br \/>Vor der Abreise am Sonntag stand packen und aufr\u00e4umen \u2026 alle herrenlosen Socken, die beim letzen Fegen der Zimmer gefunden wurden konnten vermittelt werden und fuhren so auch wieder mit nach Hause.<br \/>Ein tolles Wochenende mit gl\u00fccklichen Kindern, die gar nicht gemerkt haben, wie wenig man ein Handy brauchen kann, wenn es soviel miteinander gibt. Dass bei der Ankunft am Tierheim in beiden Bussen die Textzeile \u201cIch will wieder an die Nordsee\u201d laut mitgesungen wurde, fasst dann alles in einem Satz zusammen.<br \/>Danke an die Sponsoren, die das m\u00f6glich gemacht haben.<br \/>Danke an die tollen Kids, die sich gut verstanden und einander so sch\u00f6n geholfen haben.<br \/>Und Danke an die Jugendbetreuer, die soviel Herzblut in die Tierschutzjugend einbringen.<\/span><\/p>\t\t\t\t\t\t\t\t<\/div>\n\t\t\t\t<\/div>\n\t\t\t\t\t<\/div>\n\t\t<\/div>\n\t\t\t\t<div class=\"elementor-column elementor-col-33 elementor-top-column elementor-element elementor-element-40c4605\" data-id=\"40c4605\" data-element_type=\"column\">\n\t\t\t<div class=\"elementor-widget-wrap elementor-element-populated\">\n\t\t\t\t\t\t<div class=\"elementor-element elementor-element-e8dd9b8 elementor-widget elementor-widget-image\" data-id=\"e8dd9b8\" data-element_type=\"widget\" data-widget_type=\"image.default\">\n\t\t\t\t<div class=\"elementor-widget-container\">\n\t\t\t\t\t\t\t\t\t\t\t\t\t\t\t<img fetchpriority=\"high\" decoding=\"async\" width=\"660\" height=\"495\" src=\"https:\/\/tierheim-moers.de\/Wordpress\/wp-content\/uploads\/2019\/11\/74974797_2681109115290116_1736881720780652544_o-1024x768.jpg\" class=\"attachment-large size-large wp-image-27808\" alt=\"\" srcset=\"https:\/\/tierheim-moers.de\/Wordpress\/wp-content\/uploads\/2019\/11\/74974797_2681109115290116_1736881720780652544_o-1024x768.jpg 1024w, https:\/\/tierheim-moers.de\/Wordpress\/wp-content\/uploads\/2019\/11\/74974797_2681109115290116_1736881720780652544_o-300x225.jpg 300w, https:\/\/tierheim-moers.de\/Wordpress\/wp-content\/uploads\/2019\/11\/74974797_2681109115290116_1736881720780652544_o-768x576.jpg 768w, https:\/\/tierheim-moers.de\/Wordpress\/wp-content\/uploads\/2019\/11\/74974797_2681109115290116_1736881720780652544_o-600x450.jpg 600w, https:\/\/tierheim-moers.de\/Wordpress\/wp-content\/uploads\/2019\/11\/74974797_2681109115290116_1736881720780652544_o-700x525.jpg 700w, https:\/\/tierheim-moers.de\/Wordpress\/wp-content\/uploads\/2019\/11\/74974797_2681109115290116_1736881720780652544_o.jpg 1600w\" sizes=\"(max-width: 660px) 100vw, 660px\" \/>\t\t\t\t\t\t\t\t\t\t\t\t\t\t\t<\/div>\n\t\t\t\t<\/div>\n\t\t\t\t<div class=\"elementor-element elementor-element-a471318 elementor-widget elementor-widget-image\" data-id=\"a471318\" data-element_type=\"widget\" data-widget_type=\"image.default\">\n\t\t\t\t<div class=\"elementor-widget-container\">\n\t\t\t\t\t\t\t\t\t\t\t\t\t\t\t<img decoding=\"async\" width=\"660\" height=\"495\" src=\"https:\/\/tierheim-moers.de\/Wordpress\/wp-content\/uploads\/2019\/11\/75303694_2681108295290198_8957521262108737536_o-1024x768.jpg\" class=\"attachment-large size-large wp-image-27810\" alt=\"\" srcset=\"https:\/\/tierheim-moers.de\/Wordpress\/wp-content\/uploads\/2019\/11\/75303694_2681108295290198_8957521262108737536_o-1024x768.jpg 1024w, https:\/\/tierheim-moers.de\/Wordpress\/wp-content\/uploads\/2019\/11\/75303694_2681108295290198_8957521262108737536_o-300x225.jpg 300w, https:\/\/tierheim-moers.de\/Wordpress\/wp-content\/uploads\/2019\/11\/75303694_2681108295290198_8957521262108737536_o-768x576.jpg 768w, https:\/\/tierheim-moers.de\/Wordpress\/wp-content\/uploads\/2019\/11\/75303694_2681108295290198_8957521262108737536_o-600x450.jpg 600w, https:\/\/tierheim-moers.de\/Wordpress\/wp-content\/uploads\/2019\/11\/75303694_2681108295290198_8957521262108737536_o-700x525.jpg 700w, https:\/\/tierheim-moers.de\/Wordpress\/wp-content\/uploads\/2019\/11\/75303694_2681108295290198_8957521262108737536_o.jpg 1600w\" sizes=\"(max-width: 660px) 100vw, 660px\" \/>\t\t\t\t\t\t\t\t\t\t\t\t\t\t\t<\/div>\n\t\t\t\t<\/div>\n\t\t\t\t<div class=\"elementor-element elementor-element-4b54a34 elementor-widget elementor-widget-image\" data-id=\"4b54a34\" data-element_type=\"widget\" data-widget_type=\"image.default\">\n\t\t\t\t<div class=\"elementor-widget-container\">\n\t\t\t\t\t\t\t\t\t\t\t\t\t\t\t<img decoding=\"async\" width=\"660\" height=\"495\" src=\"https:\/\/tierheim-moers.de\/Wordpress\/wp-content\/uploads\/2019\/11\/73212333_2681108978623463_1927347440000696320_o-1024x768.jpg\" class=\"attachment-large size-large wp-image-27797\" alt=\"\" srcset=\"https:\/\/tierheim-moers.de\/Wordpress\/wp-content\/uploads\/2019\/11\/73212333_2681108978623463_1927347440000696320_o-1024x768.jpg 1024w, https:\/\/tierheim-moers.de\/Wordpress\/wp-content\/uploads\/2019\/11\/73212333_2681108978623463_1927347440000696320_o-300x225.jpg 300w, https:\/\/tierheim-moers.de\/Wordpress\/wp-content\/uploads\/2019\/11\/73212333_2681108978623463_1927347440000696320_o-768x576.jpg 768w, https:\/\/tierheim-moers.de\/Wordpress\/wp-content\/uploads\/2019\/11\/73212333_2681108978623463_1927347440000696320_o-600x450.jpg 600w, https:\/\/tierheim-moers.de\/Wordpress\/wp-content\/uploads\/2019\/11\/73212333_2681108978623463_1927347440000696320_o-700x525.jpg 700w, https:\/\/tierheim-moers.de\/Wordpress\/wp-content\/uploads\/2019\/11\/73212333_2681108978623463_1927347440000696320_o.jpg 1600w\" sizes=\"(max-width: 660px) 100vw, 660px\" \/>\t\t\t\t\t\t\t\t\t\t\t\t\t\t\t<\/div>\n\t\t\t\t<\/div>\n\t\t\t\t<div class=\"elementor-element elementor-element-5accedd elementor-widget elementor-widget-image\" data-id=\"5accedd\" data-element_type=\"widget\" data-widget_type=\"image.default\">\n\t\t\t\t<div class=\"elementor-widget-container\">\n\t\t\t\t\t\t\t\t\t\t\t\t\t\t\t<img loading=\"lazy\" decoding=\"async\" width=\"660\" height=\"495\" src=\"https:\/\/tierheim-moers.de\/Wordpress\/wp-content\/uploads\/2019\/11\/75226411_2681108595290168_13888133233901568_o-1024x768.jpg\" class=\"attachment-large size-large wp-image-27809\" alt=\"\" srcset=\"https:\/\/tierheim-moers.de\/Wordpress\/wp-content\/uploads\/2019\/11\/75226411_2681108595290168_13888133233901568_o-1024x768.jpg 1024w, https:\/\/tierheim-moers.de\/Wordpress\/wp-content\/uploads\/2019\/11\/75226411_2681108595290168_13888133233901568_o-300x225.jpg 300w, https:\/\/tierheim-moers.de\/Wordpress\/wp-content\/uploads\/2019\/11\/75226411_2681108595290168_13888133233901568_o-768x576.jpg 768w, https:\/\/tierheim-moers.de\/Wordpress\/wp-content\/uploads\/2019\/11\/75226411_2681108595290168_13888133233901568_o-600x450.jpg 600w, https:\/\/tierheim-moers.de\/Wordpress\/wp-content\/uploads\/2019\/11\/75226411_2681108595290168_13888133233901568_o-700x525.jpg 700w, https:\/\/tierheim-moers.de\/Wordpress\/wp-content\/uploads\/2019\/11\/75226411_2681108595290168_13888133233901568_o.jpg 1600w\" sizes=\"(max-width: 660px) 100vw, 660px\" \/>\t\t\t\t\t\t\t\t\t\t\t\t\t\t\t<\/div>\n\t\t\t\t<\/div>\n\t\t\t\t<div class=\"elementor-element elementor-element-db2e478 elementor-widget elementor-widget-image\" data-id=\"db2e478\" data-element_type=\"widget\" data-widget_type=\"image.default\">\n\t\t\t\t<div class=\"elementor-widget-container\">\n\t\t\t\t\t\t\t\t\t\t\t\t\t\t\t<img loading=\"lazy\" decoding=\"async\" width=\"660\" height=\"495\" src=\"https:\/\/tierheim-moers.de\/Wordpress\/wp-content\/uploads\/2019\/11\/73256774_2681108771956817_7374077136308535296_o-1024x768.jpg\" class=\"attachment-large size-large wp-image-27798\" alt=\"\" srcset=\"https:\/\/tierheim-moers.de\/Wordpress\/wp-content\/uploads\/2019\/11\/73256774_2681108771956817_7374077136308535296_o-1024x768.jpg 1024w, https:\/\/tierheim-moers.de\/Wordpress\/wp-content\/uploads\/2019\/11\/73256774_2681108771956817_7374077136308535296_o-300x225.jpg 300w, https:\/\/tierheim-moers.de\/Wordpress\/wp-content\/uploads\/2019\/11\/73256774_2681108771956817_7374077136308535296_o-768x576.jpg 768w, https:\/\/tierheim-moers.de\/Wordpress\/wp-content\/uploads\/2019\/11\/73256774_2681108771956817_7374077136308535296_o-600x450.jpg 600w, https:\/\/tierheim-moers.de\/Wordpress\/wp-content\/uploads\/2019\/11\/73256774_2681108771956817_7374077136308535296_o-700x525.jpg 700w, https:\/\/tierheim-moers.de\/Wordpress\/wp-content\/uploads\/2019\/11\/73256774_2681108771956817_7374077136308535296_o.jpg 1600w\" sizes=\"(max-width: 660px) 100vw, 660px\" \/>\t\t\t\t\t\t\t\t\t\t\t\t\t\t\t<\/div>\n\t\t\t\t<\/div>\n\t\t\t\t<div class=\"elementor-element elementor-element-3c98cd3 elementor-widget elementor-widget-image\" data-id=\"3c98cd3\" data-element_type=\"widget\" data-widget_type=\"image.default\">\n\t\t\t\t<div class=\"elementor-widget-container\">\n\t\t\t\t\t\t\t\t\t\t\t\t\t\t\t<img loading=\"lazy\" decoding=\"async\" width=\"660\" height=\"495\" src=\"https:\/\/tierheim-moers.de\/Wordpress\/wp-content\/uploads\/2019\/11\/74271756_2681108731956821_3820947114343530496_o-1024x768.jpg\" class=\"attachment-large size-large wp-image-27804\" alt=\"\" srcset=\"https:\/\/tierheim-moers.de\/Wordpress\/wp-content\/uploads\/2019\/11\/74271756_2681108731956821_3820947114343530496_o-1024x768.jpg 1024w, https:\/\/tierheim-moers.de\/Wordpress\/wp-content\/uploads\/2019\/11\/74271756_2681108731956821_3820947114343530496_o-300x225.jpg 300w, https:\/\/tierheim-moers.de\/Wordpress\/wp-content\/uploads\/2019\/11\/74271756_2681108731956821_3820947114343530496_o-768x576.jpg 768w, https:\/\/tierheim-moers.de\/Wordpress\/wp-content\/uploads\/2019\/11\/74271756_2681108731956821_3820947114343530496_o-600x450.jpg 600w, https:\/\/tierheim-moers.de\/Wordpress\/wp-content\/uploads\/2019\/11\/74271756_2681108731956821_3820947114343530496_o-700x525.jpg 700w, https:\/\/tierheim-moers.de\/Wordpress\/wp-content\/uploads\/2019\/11\/74271756_2681108731956821_3820947114343530496_o.jpg 1600w\" sizes=\"(max-width: 660px) 100vw, 660px\" \/>\t\t\t\t\t\t\t\t\t\t\t\t\t\t\t<\/div>\n\t\t\t\t<\/div>\n\t\t\t\t<div class=\"elementor-element elementor-element-c485fb1 elementor-widget elementor-widget-image\" data-id=\"c485fb1\" data-element_type=\"widget\" data-widget_type=\"image.default\">\n\t\t\t\t<div class=\"elementor-widget-container\">\n\t\t\t\t\t\t\t\t\t\t\t\t\t\t\t<img loading=\"lazy\" decoding=\"async\" width=\"660\" height=\"880\" src=\"https:\/\/tierheim-moers.de\/Wordpress\/wp-content\/uploads\/2019\/11\/73537295_2681108531956841_6655727221644197888_o-768x1024.jpg\" class=\"attachment-large size-large wp-image-27802\" alt=\"\" srcset=\"https:\/\/tierheim-moers.de\/Wordpress\/wp-content\/uploads\/2019\/11\/73537295_2681108531956841_6655727221644197888_o-768x1024.jpg 768w, https:\/\/tierheim-moers.de\/Wordpress\/wp-content\/uploads\/2019\/11\/73537295_2681108531956841_6655727221644197888_o-225x300.jpg 225w, https:\/\/tierheim-moers.de\/Wordpress\/wp-content\/uploads\/2019\/11\/73537295_2681108531956841_6655727221644197888_o-600x800.jpg 600w, https:\/\/tierheim-moers.de\/Wordpress\/wp-content\/uploads\/2019\/11\/73537295_2681108531956841_6655727221644197888_o-700x933.jpg 700w, https:\/\/tierheim-moers.de\/Wordpress\/wp-content\/uploads\/2019\/11\/73537295_2681108531956841_6655727221644197888_o.jpg 1200w\" sizes=\"(max-width: 660px) 100vw, 660px\" \/>\t\t\t\t\t\t\t\t\t\t\t\t\t\t\t<\/div>\n\t\t\t\t<\/div>\n\t\t\t\t\t<\/div>\n\t\t<\/div>\n\t\t\t\t\t<\/div>\n\t\t<\/section>\n\t\t\t\t<section class=\"elementor-section elementor-top-section elementor-element elementor-element-4320150 elementor-section-boxed elementor-section-height-default elementor-section-height-default\" data-id=\"4320150\" data-element_type=\"section\">\n\t\t\t\t\t\t<div class=\"elementor-container elementor-column-gap-default\">\n\t\t\t\t\t<div class=\"elementor-column elementor-col-100 elementor-top-column elementor-element elementor-element-d28b211\" data-id=\"d28b211\" data-element_type=\"column\">\n\t\t\t<div class=\"elementor-widget-wrap elementor-element-populated\">\n\t\t\t\t\t\t<div class=\"elementor-element elementor-element-a1dd163 elementor-widget-divider--view-line elementor-widget elementor-widget-divider\" data-id=\"a1dd163\" data-element_type=\"widget\" data-widget_type=\"divider.default\">\n\t\t\t\t<div class=\"elementor-widget-container\">\n\t\t\t\t\t\t\t<div class=\"elementor-divider\">\n\t\t\t<span class=\"elementor-divider-separator\">\n\t\t\t\t\t\t<\/span>\n\t\t<\/div>\n\t\t\t\t\t\t<\/div>\n\t\t\t\t<\/div>\n\t\t\t\t\t<\/div>\n\t\t<\/div>\n\t\t\t\t\t<\/div>\n\t\t<\/section>\n\t\t\t\t<section class=\"elementor-section elementor-top-section elementor-element elementor-element-c80d866 elementor-section-boxed elementor-section-height-default elementor-section-height-default\" data-id=\"c80d866\" data-element_type=\"section\">\n\t\t\t\t\t\t<div class=\"elementor-container elementor-column-gap-default\">\n\t\t\t\t\t<div class=\"elementor-column elementor-col-100 elementor-top-column elementor-element elementor-element-6f73048\" data-id=\"6f73048\" data-element_type=\"column\">\n\t\t\t<div class=\"elementor-widget-wrap elementor-element-populated\">\n\t\t\t\t\t\t<div class=\"elementor-element elementor-element-d6b1e95 elementor-widget elementor-widget-call-to-action\" data-id=\"d6b1e95\" data-element_type=\"widget\" data-widget_type=\"call-to-action.default\">\n\t\t\t\t<div class=\"elementor-widget-container\">\n\t\t\t\t\t \t\t\t\t<\/div>\n\t\t\t\t<\/div>\n\t\t\t\t\t<\/div>\n\t\t<\/div>\n\t\t\t\t\t<\/div>\n\t\t<\/section>\n\t\t\t\t<section class=\"elementor-section elementor-top-section elementor-element elementor-element-dd81cfc elementor-section-boxed elementor-section-height-default elementor-section-height-default\" data-id=\"dd81cfc\" data-element_type=\"section\">\n\t\t\t\t\t\t<div class=\"elementor-container elementor-column-gap-default\">\n\t\t\t\t\t<div class=\"elementor-column elementor-col-100 elementor-top-column elementor-element elementor-element-9a44ad1\" data-id=\"9a44ad1\" data-element_type=\"column\">\n\t\t\t<div class=\"elementor-widget-wrap elementor-element-populated\">\n\t\t\t\t\t\t<div class=\"elementor-element elementor-element-6daa095 elementor-widget-divider--view-line elementor-widget elementor-widget-divider\" data-id=\"6daa095\" data-element_type=\"widget\" data-widget_type=\"divider.default\">\n\t\t\t\t<div class=\"elementor-widget-container\">\n\t\t\t\t\t\t\t<div class=\"elementor-divider\">\n\t\t\t<span class=\"elementor-divider-separator\">\n\t\t\t\t\t\t<\/span>\n\t\t<\/div>\n\t\t\t\t\t\t<\/div>\n\t\t\t\t<\/div>\n\t\t\t\t\t<\/div>\n\t\t<\/div>\n\t\t\t\t\t<\/div>\n\t\t<\/section>\n\t\t\t\t<section class=\"elementor-section elementor-top-section elementor-element elementor-element-eea22ac elementor-section-boxed elementor-section-height-default elementor-section-height-default\" data-id=\"eea22ac\" data-element_type=\"section\">\n\t\t\t\t\t\t<div class=\"elementor-container elementor-column-gap-default\">\n\t\t\t\t\t<div class=\"elementor-column elementor-col-100 elementor-top-column elementor-element elementor-element-65ad1cf\" data-id=\"65ad1cf\" data-element_type=\"column\">\n\t\t\t<div class=\"elementor-widget-wrap elementor-element-populated\">\n\t\t\t\t\t\t<div class=\"elementor-element elementor-element-88cb3e0 elementor-widget elementor-widget-heading\" data-id=\"88cb3e0\" data-element_type=\"widget\" data-widget_type=\"heading.default\">\n\t\t\t\t<div class=\"elementor-widget-container\">\n\t\t\t\t\t<h2 class=\"elementor-heading-title elementor-size-default\">Presseschau<\/h2>\t\t\t\t<\/div>\n\t\t\t\t<\/div>\n\t\t\t\t\t<\/div>\n\t\t<\/div>\n\t\t\t\t\t<\/div>\n\t\t<\/section>\n\t\t\t\t<section class=\"elementor-section elementor-top-section elementor-element elementor-element-a4ab575 elementor-section-boxed elementor-section-height-default elementor-section-height-default\" data-id=\"a4ab575\" data-element_type=\"section\">\n\t\t\t\t\t\t<div class=\"elementor-container elementor-column-gap-default\">\n\t\t\t\t\t<div class=\"elementor-column elementor-col-100 elementor-top-column elementor-element elementor-element-fab6d98\" data-id=\"fab6d98\" data-element_type=\"column\">\n\t\t\t<div class=\"elementor-widget-wrap elementor-element-populated\">\n\t\t\t\t\t\t<div class=\"elementor-element elementor-element-b768622 elementor-widget elementor-widget-accordion\" data-id=\"b768622\" data-element_type=\"widget\" data-widget_type=\"accordion.default\">\n\t\t\t\t<div class=\"elementor-widget-container\">\n\t\t\t\t\t\t\t<div class=\"elementor-accordion\">\n\t\t\t\t\t\t\t<div class=\"elementor-accordion-item\">\n\t\t\t\t\t<div id=\"elementor-tab-title-1921\" class=\"elementor-tab-title\" data-tab=\"1\" role=\"button\" aria-controls=\"elementor-tab-content-1921\" aria-expanded=\"false\">\n\t\t\t\t\t\t\t\t\t\t\t\t\t<span class=\"elementor-accordion-icon elementor-accordion-icon-left\" aria-hidden=\"true\">\n\t\t\t\t\t\t\t\t\t\t\t\t\t\t\t<span class=\"elementor-accordion-icon-closed\"><i class=\"fas fa-plus\"><\/i><\/span>\n\t\t\t\t\t\t\t\t<span class=\"elementor-accordion-icon-opened\"><i class=\"fas fa-minus\"><\/i><\/span>\n\t\t\t\t\t\t\t\t\t\t\t\t\t\t<\/span>\n\t\t\t\t\t\t\t\t\t\t\t\t<a class=\"elementor-accordion-title\" tabindex=\"0\">NRZ\/WAZ vom 08.06.2016 - Gr\u00fcndung<\/a>\n\t\t\t\t\t<\/div>\n\t\t\t\t\t<div id=\"elementor-tab-content-1921\" class=\"elementor-tab-content elementor-clearfix\" data-tab=\"1\" role=\"region\" aria-labelledby=\"elementor-tab-title-1921\"><p class=\"p_1\" data-kx=\"b96d0668-ef24-4647-9cde-dc4cc36df928\"><span class=\"article__location\">Moers..<\/span>\u00a0 Seit vergangenen Samstag hat das Moerser Tierheim erstmalig seit vielen Jahren wieder eine Tierschutzjugend. Zehn Kindern im Alter von 9 bis 13 Jahren trafen sich in der neuen Gesch\u00e4ftsstelle des Tierschutzvereins auf dem Tierheimgel\u00e4nde in H\u00fclsdonk, wie der Verein jetzt mitteilt.<\/p><div id=\"oms_intext_container\"><p class=\"p_2\" data-kx=\"a7c84d4e-3d6a-4984-a2f3-d9ab2430113b\">\u201eTierschutz f\u00e4ngt mit der Aufkl\u00e4rung der J\u00fcngsten an,\u201c sagt Teamleiterin Nicola Ro\u00dfbach. \u201eDazu z\u00e4hlt neben Respekt auch das Wissen um die Bed\u00fcrfnisse der einzelnen Tiere.\u201c Die Tierschutzjugend trifft sich ab jetzt jeden ersten Samstag im Monat von 10 Uhr bis 11.30 Uhr im Tierheim Moers. Die Kids lernen vom den Tierheimmitarbeitern und ehrenamtlichen Helfern, was Tierschutz bedeutet, wie der Alltag im Tierheim aussieht und wie sie ganz einfach Tieren helfen k\u00f6nnen. Auch die Teilnahme an Veranstaltungen der Tierschutzjugend NRW sind geplant.<\/p><\/div><div class=\"ad ad--stroer \"><div class=\"ad--marker-inner\"><div id=\"sdg_poster_holder\">\u00a0<\/div><\/div><\/div><h2>Tierheim kennengelernt<\/h2><p class=\"p_3\" data-kx=\"4cba9fd8-f751-409e-a2e6-b2af22dcbc17\">Am vergangenen Samstag lernten die Jungen und M\u00e4dchen alle Tierh\u00e4user und R\u00e4umlichkeiten im Tierheim kennen. Ro\u00dfbach erkl\u00e4rte ihnen, wozu eine Quarant\u00e4nestation n\u00f6tig ist, wie ein artgerechtes Zuhause f\u00fcr Kleintiere aussieht, und wie und wo das Essen f\u00fcr die Tiere zubereitet wird.<\/p><p class=\"p_4\" data-kx=\"24bca79d-f148-460f-95ef-f7a2a6bba664\">Besonders spannend wurde es dann im Katzenhaus, da dort aktuell einige Katzenbabys leben. \u201eMeint ihr, die Mama und ihre Babys f\u00e4nden es gut, wenn wir nun alle reingehen und mit ihnen kuscheln?\u201c, fragte die Teamleiterin. Die Kinder waren sich einig: \u201eNein, das w\u00e4re viel zu viel Stress f\u00fcr die Babys.\u201c Weil alle versprachen, ganz leise zu sein, durften sie aber bei der Untersuchung der Katzenbabys durch den Tierarzt zusehen, so die Mitteilung.<\/p><p class=\"p_5\" data-kx=\"397343d9-f488-4deb-8d2c-2b1779d0e3ec\">Anschlie\u00dfend wurde auch gebastelt und gemalt. \u201eWir bauen gerade einen eigenen Clubraum f\u00fcr die Tierschutzjugend aus\u201c, sagt Ro\u00dfbach. \u201eHier k\u00f6nnen bald etwa Spielzeuge f\u00fcr die Hunde und Kuschelh\u00f6hlen f\u00fcr die Katzen gebastelt werden.\u201c<\/p><h3>Stand beim Sommerfest<\/h3><p class=\"p_6\" data-kx=\"bf2e953a-1914-4e51-a4fd-88064329dd17\">Beim Sommerfest des Tierheims am 7. August k\u00f6nnen Interessierte die Tierschutzjugend und ihre Projekte an ihrem eigenen Stand kennenlernen. Zum Abschluss ging\u2019s am Samstag noch auf die Hundewiese, wo mit ein paar Hunden ausgelassen gespielt wurde. Der erste Tag der Tierschutzjugend war f\u00fcr alle ein Erfolg.<\/p><\/div>\n\t\t\t\t<\/div>\n\t\t\t\t\t\t\t<div class=\"elementor-accordion-item\">\n\t\t\t\t\t<div id=\"elementor-tab-title-1922\" class=\"elementor-tab-title\" data-tab=\"2\" role=\"button\" aria-controls=\"elementor-tab-content-1922\" aria-expanded=\"false\">\n\t\t\t\t\t\t\t\t\t\t\t\t\t<span class=\"elementor-accordion-icon elementor-accordion-icon-left\" aria-hidden=\"true\">\n\t\t\t\t\t\t\t\t\t\t\t\t\t\t\t<span class=\"elementor-accordion-icon-closed\"><i class=\"fas fa-plus\"><\/i><\/span>\n\t\t\t\t\t\t\t\t<span class=\"elementor-accordion-icon-opened\"><i class=\"fas fa-minus\"><\/i><\/span>\n\t\t\t\t\t\t\t\t\t\t\t\t\t\t<\/span>\n\t\t\t\t\t\t\t\t\t\t\t\t<a class=\"elementor-accordion-title\" tabindex=\"0\">RP vom 20.06.2016 - Gr\u00fcndung<\/a>\n\t\t\t\t\t<\/div>\n\t\t\t\t\t<div id=\"elementor-tab-content-1922\" class=\"elementor-tab-content elementor-clearfix\" data-tab=\"2\" role=\"region\" aria-labelledby=\"elementor-tab-title-1922\"><header><div class=\"headline\">Moers hat jetzt auch eine Tierschutzjugend<\/div><\/header><div class=\"first intro\"><span class=\"meta\">Moers.\u00a0<\/span><strong>Das Moerser Tierheim hat erstmals seit vielen Jahren wieder eine Tierschutzjugend. Zehn Kindern im Alter von 9 bis 13 Jahren trafen sich in der neuen Gesch\u00e4ftsstelle des Tierschutzvereins auf dem Tierheimgel\u00e4nde in H\u00fclsdonk. &#8220;Tierschutz f\u00e4ngt mit der Aufkl\u00e4rung der J\u00fcngsten an&#8221;, sagt Teamleiterin Nicola Ro\u00dfbach. &#8220;Und dazu z\u00e4hlt neben Respekt auch das Wissen um die Bed\u00fcrfnisse der einzelnen Tiere.&#8221; Die Tierschutzjugend trifft sich ab jetzt jeden ersten Samstag im Monat von 10 Uhr bis 11.30 Uhr im Tierheim Moers. Die Kids lernen von den Tierheimmitarbeitern und ehrenamtlichen Helfern, was Tierschutz bedeutet, wie der Alltag im Tierheim aussieht und wie sie ganz einfach Tieren helfen k\u00f6nnen. Auch die Teilnahme an Veranstaltungen der Tierschutzjugend NRW sind geplant.<\/strong><\/div><div>\u00a0<\/div><div><p>Beim ersten Treffen lernten die Jungen und M\u00e4dchen alle Tierh\u00e4user und R\u00e4umlichkeiten im Tierheim kennen. Nicola Ro\u00dfbach erkl\u00e4rte ihnen, wozu eine Quarant\u00e4nestation n\u00f6tig ist, wie ein artgerechtes Zuhause f\u00fcr Kleintiere aussieht, und wie und wo das Essen f\u00fcr die Tiere zubereitet wird.<\/p><p>Besonders spannend wurde es dann im Katzenhaus, da dort aktuell einige Katzenbabys leben. &#8220;Meint ihr die Mama und ihre Babys f\u00e4nden es gut, wenn wir nun alle reingehen und mit ihnen kuscheln?&#8221;, fragte die Teamleiterin die Jungen und M\u00e4dchen, die sehr interessiert zuh\u00f6rten. Die Kinder hatten sofort eine Antwort parat und waren sich einig: &#8220;Nein, das w\u00e4re viel zu viel Stress f\u00fcr die Babys.&#8221; Weil alle versprachen, ganz leise zu sein, durften sie aber bei der Untersuchung der Katzenbabys durch den Tierarzt zusehen.<\/p><p>Anschlie\u00dfend wurde auch gebastelt und gemalt. &#8220;Wir bauen gerade einen eigenen Clubraum f\u00fcr die Tierschutzjugend aus&#8221;, erkl\u00e4rte die Teamleiterin den Kindern. &#8220;Hier k\u00f6nnen bald zum Beispiel Spielzeuge f\u00fcr die Hunde und Kuschelh\u00f6hlen f\u00fcr die Katzen gebastelt werden.&#8221; Beim Sommerfest des Tierheim Moers am 7. August k\u00f6nnen Interessierte die Tierschutzjugend und ihre Projekte an ihrem eigenen Stand kennenlernen. Zum Abschluss ging es noch auf die Hundewiese, wo mit ein paar Hunden ausgelassen gespielt wurde. Der erste Tag der Tierschutzjugend war f\u00fcr alle ein voller Erfolg.<\/p><\/div><\/div>\n\t\t\t\t<\/div>\n\t\t\t\t\t\t\t<div class=\"elementor-accordion-item\">\n\t\t\t\t\t<div id=\"elementor-tab-title-1923\" class=\"elementor-tab-title\" data-tab=\"3\" role=\"button\" aria-controls=\"elementor-tab-content-1923\" aria-expanded=\"false\">\n\t\t\t\t\t\t\t\t\t\t\t\t\t<span class=\"elementor-accordion-icon elementor-accordion-icon-left\" aria-hidden=\"true\">\n\t\t\t\t\t\t\t\t\t\t\t\t\t\t\t<span class=\"elementor-accordion-icon-closed\"><i class=\"fas fa-plus\"><\/i><\/span>\n\t\t\t\t\t\t\t\t<span class=\"elementor-accordion-icon-opened\"><i class=\"fas fa-minus\"><\/i><\/span>\n\t\t\t\t\t\t\t\t\t\t\t\t\t\t<\/span>\n\t\t\t\t\t\t\t\t\t\t\t\t<a class=\"elementor-accordion-title\" tabindex=\"0\">Pressemeldung Sparkasse am Niederrhein vom 11.05.2017<\/a>\n\t\t\t\t\t<\/div>\n\t\t\t\t\t<div id=\"elementor-tab-content-1923\" class=\"elementor-tab-content elementor-clearfix\" data-tab=\"3\" role=\"region\" aria-labelledby=\"elementor-tab-title-1923\"><h3>Tierschutzjugend bekommt Erl\u00f6s aus Girocents \u00fcberreicht<\/h3><p><strong>NIEDERRHEIN.<\/strong>\u00a0Viel Zeit hatte die Tierschutzjugend nicht, um die Spende von 1820,81 Euro entgegenzunehmen. Bei der offiziellen \u00dcbergabe der Girocents waren sie gerade damit besch\u00e4ftigt, eine Schmetterlingswiese mit Insektenhotel anzulegen. \u201eUnsere Tierschutzjugend mit aktuell 16 Kindern und Jugendlichen ist sehr aktiv, wir freuen uns sehr \u00fcber die gro\u00dfz\u00fcgige Spende\u201c, sagte Nicola Ro\u00dfbach, die Teamleiterin im Tierheim Moers. Als einer von sechs Vereinen hatte sich die Tierschutzjugend um die Girocents beworben, die Kunden der Sparkasse am Niederrhein jeden Monat spenden. Beim j\u00fcngsten Spendenlauf waren so innerhalb von sechs Monaten insgesamt 8184,39 Euro zusammengekommen.<\/p><p>Stellvertretend f\u00fcr die aktuell mehr als 2700 Kunden, die jeweils am Monatsende die Centbetr\u00e4ge von ihrem Konto abbuchen lassen, \u00fcberbrachte Sparkassenchef Giovanni Malaponti die Einzelspenden. \u201eDiese errechnen sich aus den Stimmen, die die Girocents-Teilnehmer monatlich auf unserer Internetseite f\u00fcr die Projekte abgeben\u201c, so der Vorstandsvorsitzende. Die meisten Stimmen sammelte der F\u00f6rderverein der evangelischen Kindertagesst\u00e4tte \u201aKleine Arche\u2019 in Moers und erhielt daf\u00fcr 1853,16 Euro. \u201eDas Geld verwenden wir f\u00fcr ein neues Kletterger\u00fcst, das unsere Eltern in Absprache mit dem T\u00dcV bauen\u201c, sagte Kita-Leiterin Claudia Ukowski.<\/p><p>Annette Becker vom Dreik\u00f6nigskindergarten in Moers-Meerbeck freute sich \u00fcber 1538,91 Euro. \u201eWir bauen davon einen Klettergarten mit Schaukel, die besonders f\u00fcr unsere integrativen Kinder sehr wichtig ist\u201c, so die Leiterin des Kindergartens. Franz Reuter nahm 1349,43 Euro f\u00fcr den Naturschutzbund (NABU) entgegen. \u201eWir k\u00f6nnen damit 300 Meter neuen Kr\u00f6tenfangzaun kaufen, der alte ist schon um die 20 Jahre alt\u201c, sagte er. In jedem Jahr sammeln er und die Ehrenamtlichen des NABU von Februar bis April mehr als 2000 Tiere ein und tragen sie \u00fcber die Stra\u00dfe zu ihren Laichpl\u00e4tzen.<\/p><p>Der SV Concordia Ossenberg erhielt 1257 Euro f\u00fcr das Projekt \u201aBewegung ohne Grenzen\u2019. Mit dem Geld gestaltet der Verein die Aula des ehemaligen Gemeindezentrums der evangelischen Kirche um. Bald schon sollen dort Rollstuhlfahrer und Menschen mit geistiger Behinderung an barrierefreien Sport- und Freizeitkursen teilnehmen k\u00f6nnen. Und der Junggesellen Sch\u00fctzenverein 1680 Alpen wird die 365,09 Euro in seine neue Schie\u00dfanlage investieren. Aktuell l\u00e4uft die siebte Spendenrunde von Girocents, mehr Informationen unter www.sparkasse-am-niederrhein.de\/girocents.<\/p><p><a href=\"http:\/\/tierheim-moers.de\/Wordpress\/wp-content\/uploads\/2016\/06\/GiroCents_Spendenuebergabe_0517-Oben.jpg\"><img loading=\"lazy\" decoding=\"async\" class=\"aligncenter size-medium wp-image-15474\" src=\"http:\/\/tierheim-moers.de\/Wordpress\/wp-content\/uploads\/2016\/06\/GiroCents_Spendenuebergabe_0517-Oben-300x213.jpg\" alt=\"\" width=\"300\" height=\"213\" srcset=\"https:\/\/tierheim-moers.de\/Wordpress\/wp-content\/uploads\/2016\/06\/GiroCents_Spendenuebergabe_0517-Oben-300x213.jpg 300w, https:\/\/tierheim-moers.de\/Wordpress\/wp-content\/uploads\/2016\/06\/GiroCents_Spendenuebergabe_0517-Oben.jpg 450w\" sizes=\"(max-width: 300px) 100vw, 300px\" \/><\/a><\/p><\/div>\n\t\t\t\t<\/div>\n\t\t\t\t\t\t\t<div class=\"elementor-accordion-item\">\n\t\t\t\t\t<div id=\"elementor-tab-title-1924\" class=\"elementor-tab-title\" data-tab=\"4\" role=\"button\" aria-controls=\"elementor-tab-content-1924\" aria-expanded=\"false\">\n\t\t\t\t\t\t\t\t\t\t\t\t\t<span class=\"elementor-accordion-icon elementor-accordion-icon-left\" aria-hidden=\"true\">\n\t\t\t\t\t\t\t\t\t\t\t\t\t\t\t<span class=\"elementor-accordion-icon-closed\"><i class=\"fas fa-plus\"><\/i><\/span>\n\t\t\t\t\t\t\t\t<span class=\"elementor-accordion-icon-opened\"><i class=\"fas fa-minus\"><\/i><\/span>\n\t\t\t\t\t\t\t\t\t\t\t\t\t\t<\/span>\n\t\t\t\t\t\t\t\t\t\t\t\t<a class=\"elementor-accordion-title\" tabindex=\"0\">NRZ\/WAZ vom 05.06.2017<\/a>\n\t\t\t\t\t<\/div>\n\t\t\t\t\t<div id=\"elementor-tab-content-1924\" class=\"elementor-tab-content elementor-clearfix\" data-tab=\"4\" role=\"region\" aria-labelledby=\"elementor-tab-title-1924\"><div class=\"article__header__intro\"><p class=\"article__header__intro__text\"><span class=\"article__location\">HATTINGEN.\u00a0<\/span>\u00a0\u00a0In der Jubi Welper tauschten Jugendliche beim Treffen der Tierschutzjugend NRW Erfahrungen aus und lernten vieles \u00fcber Haustiere.<\/p><\/div><p class=\"article__paragraph p_1 \">Bis Montag wurde in der Jugendbildungsst\u00e4tte Welper diskutiert und gespielt. Knapp 80 junge Tiersch\u00fctzer haben alles \u00fcber Haustiere erfahren. Neben Kaninchen, Meerschweinchen, Fischen, Hunden und Katzen ging\u00a0es um Minischweine, Schlangen und Eidechsen.<\/p><div id=\"oms_intext_container\"><figure id=\"attachment_19093\" aria-describedby=\"caption-attachment-19093\" style=\"width: 940px\" class=\"wp-caption aligncenter\"><a href=\"http:\/\/tierheim-moers.de\/Wordpress\/wp-content\/uploads\/2018\/04\/hugo-140790597-439.jpg\"><img loading=\"lazy\" decoding=\"async\" class=\"wp-image-19093 size-full\" src=\"http:\/\/tierheim-moers.de\/Wordpress\/wp-content\/uploads\/2018\/04\/hugo-140790597-439.jpg\" alt=\"\" width=\"940\" height=\"450\" \/><\/a><figcaption id=\"caption-attachment-19093\" class=\"wp-caption-text\">Carolina n\u00e4ht ein Katzenspielzeug gen\u00e4ht und will das dem Tierheim spenden. Sie engagiert sich in ihrer Freizeit im Tierheim in Moers. Foto: Fischer<\/figcaption><\/figure><\/div><div class=\"ad ad--stroer \"><div class=\"ad--marker-inner\"><div id=\"sdg_poster_holder\">\u00a0<\/div><\/div><\/div><h2>Engagiert im Tierheim<\/h2><p class=\"article__paragraph p_3 \">Aleyna, 14, Sch\u00fclerin aus Hannover ist mit vier weiteren Sch\u00fclern aus Niedersachsen nach Hattingen gekommen, um andere junge Tiersch\u00fctzer kennenzulernen. \u201eIch finde es sch\u00f6n, dass sich so viele f\u00fcr Tiere einsetzen\u201c, meint Aleyna. Neben ihr sitzt Carolina, 14, aus Krefeld, die ebenfalls an einem Katzenkissen n\u00e4ht. Das will sie dem Tierheim spenden. Carolina engagiert sich im Tierheim Moers und k\u00fcmmert sich dort jedes Wochenende um die Katzen, Hunde und Nager. \u201eIn meinem Freundeskreis gibt es nicht so viele Leute, die sich f\u00fcr Tiere einsetzen, deshalb bin ich froh, hier zu sein.\u201c<\/p><p class=\"article__paragraph p_4 \">Karen Alwardt von der Tierschutzjugend NRW organisiert das Landesjugendtreffen ehrenamtlich. Um das Angebot f\u00fcr die jungen Tiersch\u00fctzer zu erm\u00f6glichen, ist der Verein auf Gelder des Landes angewiesen. Seit der Wahl machen sich Alwardt und ihre Kollegen Sorgen um die Finanzierung. Noch sei nichts entschieden, aber momentan sei einiges in der Schwebe, da nicht feststehe, ob die neue Regierung Gelder f\u00fcr den Tierschutz bereitstellen wird. Das n\u00e4chste Treffen der Tierschutzjugend in Hattingen planen Alwardt und ihre Kollegen aber schon.<\/p><\/div>\n\t\t\t\t<\/div>\n\t\t\t\t\t\t\t<div class=\"elementor-accordion-item\">\n\t\t\t\t\t<div id=\"elementor-tab-title-1925\" class=\"elementor-tab-title\" data-tab=\"5\" role=\"button\" aria-controls=\"elementor-tab-content-1925\" aria-expanded=\"false\">\n\t\t\t\t\t\t\t\t\t\t\t\t\t<span class=\"elementor-accordion-icon elementor-accordion-icon-left\" aria-hidden=\"true\">\n\t\t\t\t\t\t\t\t\t\t\t\t\t\t\t<span class=\"elementor-accordion-icon-closed\"><i class=\"fas fa-plus\"><\/i><\/span>\n\t\t\t\t\t\t\t\t<span class=\"elementor-accordion-icon-opened\"><i class=\"fas fa-minus\"><\/i><\/span>\n\t\t\t\t\t\t\t\t\t\t\t\t\t\t<\/span>\n\t\t\t\t\t\t\t\t\t\t\t\t<a class=\"elementor-accordion-title\" tabindex=\"0\">NRZ vom 05.07.2019 (Solidarit\u00e4tspreis Freddy-Fischer-Stiftung)<\/a>\n\t\t\t\t\t<\/div>\n\t\t\t\t\t<div id=\"elementor-tab-content-1925\" class=\"elementor-tab-content elementor-clearfix\" data-tab=\"5\" role=\"region\" aria-labelledby=\"elementor-tab-title-1925\"><p><img loading=\"lazy\" decoding=\"async\" class=\"aligncenter size-full wp-image-25467\" src=\"http:\/\/tierheim-moers.de\/Wordpress\/wp-content\/uploads\/2019\/07\/freddy-fischer-preis-2-e1562264741595.jpg\" alt=\"\" width=\"1024\" height=\"768\" srcset=\"https:\/\/tierheim-moers.de\/Wordpress\/wp-content\/uploads\/2019\/07\/freddy-fischer-preis-2-e1562264741595.jpg 1024w, https:\/\/tierheim-moers.de\/Wordpress\/wp-content\/uploads\/2019\/07\/freddy-fischer-preis-2-e1562264741595-300x225.jpg 300w, https:\/\/tierheim-moers.de\/Wordpress\/wp-content\/uploads\/2019\/07\/freddy-fischer-preis-2-e1562264741595-768x576.jpg 768w, https:\/\/tierheim-moers.de\/Wordpress\/wp-content\/uploads\/2019\/07\/freddy-fischer-preis-2-e1562264741595-600x450.jpg 600w, https:\/\/tierheim-moers.de\/Wordpress\/wp-content\/uploads\/2019\/07\/freddy-fischer-preis-2-e1562264741595-700x525.jpg 700w\" sizes=\"(max-width: 1024px) 100vw, 1024px\" \/> <img loading=\"lazy\" decoding=\"async\" class=\"aligncenter size-full wp-image-25468\" src=\"http:\/\/tierheim-moers.de\/Wordpress\/wp-content\/uploads\/2019\/07\/freddy-fischer-preis.jpg\" alt=\"\" width=\"1024\" height=\"768\" srcset=\"https:\/\/tierheim-moers.de\/Wordpress\/wp-content\/uploads\/2019\/07\/freddy-fischer-preis.jpg 1024w, https:\/\/tierheim-moers.de\/Wordpress\/wp-content\/uploads\/2019\/07\/freddy-fischer-preis-300x225.jpg 300w, https:\/\/tierheim-moers.de\/Wordpress\/wp-content\/uploads\/2019\/07\/freddy-fischer-preis-768x576.jpg 768w, https:\/\/tierheim-moers.de\/Wordpress\/wp-content\/uploads\/2019\/07\/freddy-fischer-preis-600x450.jpg 600w, https:\/\/tierheim-moers.de\/Wordpress\/wp-content\/uploads\/2019\/07\/freddy-fischer-preis-700x525.jpg 700w\" sizes=\"(max-width: 1024px) 100vw, 1024px\" \/> <img loading=\"lazy\" decoding=\"async\" class=\"aligncenter size-full wp-image-25469\" src=\"http:\/\/tierheim-moers.de\/Wordpress\/wp-content\/uploads\/2019\/07\/freddy-fischer-preis3.jpg\" alt=\"\" width=\"768\" height=\"1024\" srcset=\"https:\/\/tierheim-moers.de\/Wordpress\/wp-content\/uploads\/2019\/07\/freddy-fischer-preis3.jpg 768w, https:\/\/tierheim-moers.de\/Wordpress\/wp-content\/uploads\/2019\/07\/freddy-fischer-preis3-225x300.jpg 225w, https:\/\/tierheim-moers.de\/Wordpress\/wp-content\/uploads\/2019\/07\/freddy-fischer-preis3-600x800.jpg 600w, https:\/\/tierheim-moers.de\/Wordpress\/wp-content\/uploads\/2019\/07\/freddy-fischer-preis3-700x933.jpg 700w\" sizes=\"(max-width: 768px) 100vw, 768px\" \/> <img loading=\"lazy\" decoding=\"async\" class=\"aligncenter size-full wp-image-25470\" src=\"http:\/\/tierheim-moers.de\/Wordpress\/wp-content\/uploads\/2019\/07\/freddy-fischer-preis4.jpg\" alt=\"\" width=\"1024\" height=\"768\" srcset=\"https:\/\/tierheim-moers.de\/Wordpress\/wp-content\/uploads\/2019\/07\/freddy-fischer-preis4.jpg 1024w, https:\/\/tierheim-moers.de\/Wordpress\/wp-content\/uploads\/2019\/07\/freddy-fischer-preis4-300x225.jpg 300w, https:\/\/tierheim-moers.de\/Wordpress\/wp-content\/uploads\/2019\/07\/freddy-fischer-preis4-768x576.jpg 768w, https:\/\/tierheim-moers.de\/Wordpress\/wp-content\/uploads\/2019\/07\/freddy-fischer-preis4-600x450.jpg 600w, https:\/\/tierheim-moers.de\/Wordpress\/wp-content\/uploads\/2019\/07\/freddy-fischer-preis4-700x525.jpg 700w\" sizes=\"(max-width: 1024px) 100vw, 1024px\" \/>Akkordeon Inhalt<\/p><\/div>\n\t\t\t\t<\/div>\n\t\t\t\t\t\t\t\t<\/div>\n\t\t\t\t\t\t<\/div>\n\t\t\t\t<\/div>\n\t\t\t\t\t<\/div>\n\t\t<\/div>\n\t\t\t\t\t<\/div>\n\t\t<\/section>\n\t\t\t\t<\/div>\n\t\t<div class=\"shariff shariff-align-flex-start shariff-widget-align-center\" data-url=\"https%3A%2F%2Ftierheim-moers.de%2FWordpress%2Ftierschutzjugend%2F\" data-timestamp=\"1575736127\" data-hidezero=\"1\" data-backendurl=\"https:\/\/tierheim-moers.de\/Wordpress\/wp-json\/shariff\/v1\/share_counts?\"><ul class=\"shariff-buttons theme-round orientation-horizontal buttonsize-small\"><li class=\"shariff-button facebook shariff-nocustomcolor\" style=\"background-color:#4273c8\"><a href=\"https:\/\/www.facebook.com\/sharer\/sharer.php?u=https%3A%2F%2Ftierheim-moers.de%2FWordpress%2Ftierschutzjugend%2F\" title=\"Bei Facebook teilen\" aria-label=\"Bei Facebook teilen\" role=\"button\" rel=\"nofollow\" class=\"shariff-link\" style=\"; background-color:#3b5998; color:#fff\" target=\"_blank\"><span class=\"shariff-icon\" style=\"\"><svg width=\"32px\" height=\"20px\" xmlns=\"http:\/\/www.w3.org\/2000\/svg\" viewBox=\"0 0 18 32\"><path fill=\"#3b5998\" d=\"M17.1 0.2v4.7h-2.8q-1.5 0-2.1 0.6t-0.5 1.9v3.4h5.2l-0.7 5.3h-4.5v13.6h-5.5v-13.6h-4.5v-5.3h4.5v-3.9q0-3.3 1.9-5.2t5-1.8q2.6 0 4.1 0.2z\"\/><\/svg><\/span><\/a><\/li><li class=\"shariff-button twitter shariff-nocustomcolor\" style=\"background-color:#595959\"><a href=\"https:\/\/twitter.com\/share?url=https%3A%2F%2Ftierheim-moers.de%2FWordpress%2Ftierschutzjugend%2F&text=Tierschutzjugend\" title=\"Bei X teilen\" aria-label=\"Bei X teilen\" role=\"button\" rel=\"noopener nofollow\" class=\"shariff-link\" style=\"; background-color:#000; color:#fff\" target=\"_blank\"><span class=\"shariff-icon\" style=\"\"><svg width=\"32px\" height=\"20px\" xmlns=\"http:\/\/www.w3.org\/2000\/svg\" viewBox=\"0 0 24 24\"><path fill=\"#000\" d=\"M14.258 10.152L23.176 0h-2.113l-7.747 8.813L7.133 0H0l9.352 13.328L0 23.973h2.113l8.176-9.309 6.531 9.309h7.133zm-2.895 3.293l-.949-1.328L2.875 1.56h3.246l6.086 8.523.945 1.328 7.91 11.078h-3.246zm0 0\"\/><\/svg><\/span><\/a><\/li><li class=\"shariff-button whatsapp shariff-nocustomcolor\" style=\"background-color:#5cbe4a\"><a href=\"https:\/\/api.whatsapp.com\/send?text=https%3A%2F%2Ftierheim-moers.de%2FWordpress%2Ftierschutzjugend%2F%20Tierschutzjugend\" title=\"Bei Whatsapp teilen\" aria-label=\"Bei Whatsapp teilen\" role=\"button\" rel=\"noopener nofollow\" class=\"shariff-link\" style=\"; background-color:#34af23; color:#fff\" target=\"_blank\"><span class=\"shariff-icon\" style=\"\"><svg width=\"32px\" height=\"20px\" xmlns=\"http:\/\/www.w3.org\/2000\/svg\" viewBox=\"0 0 32 32\"><path fill=\"#34af23\" d=\"M17.6 17.4q0.2 0 1.7 0.8t1.6 0.9q0 0.1 0 0.3 0 0.6-0.3 1.4-0.3 0.7-1.3 1.2t-1.8 0.5q-1 0-3.4-1.1-1.7-0.8-3-2.1t-2.6-3.3q-1.3-1.9-1.3-3.5v-0.1q0.1-1.6 1.3-2.8 0.4-0.4 0.9-0.4 0.1 0 0.3 0t0.3 0q0.3 0 0.5 0.1t0.3 0.5q0.1 0.4 0.6 1.6t0.4 1.3q0 0.4-0.6 1t-0.6 0.8q0 0.1 0.1 0.3 0.6 1.3 1.8 2.4 1 0.9 2.7 1.8 0.2 0.1 0.4 0.1 0.3 0 1-0.9t0.9-0.9zM14 26.9q2.3 0 4.3-0.9t3.6-2.4 2.4-3.6 0.9-4.3-0.9-4.3-2.4-3.6-3.6-2.4-4.3-0.9-4.3 0.9-3.6 2.4-2.4 3.6-0.9 4.3q0 3.6 2.1 6.6l-1.4 4.2 4.3-1.4q2.8 1.9 6.2 1.9zM14 2.2q2.7 0 5.2 1.1t4.3 2.9 2.9 4.3 1.1 5.2-1.1 5.2-2.9 4.3-4.3 2.9-5.2 1.1q-3.5 0-6.5-1.7l-7.4 2.4 2.4-7.2q-1.9-3.2-1.9-6.9 0-2.7 1.1-5.2t2.9-4.3 4.3-2.9 5.2-1.1z\"\/><\/svg><\/span><\/a><\/li><li class=\"shariff-button sms shariff-nocustomcolor shariff-mobile\" style=\"background-color:#d7d9d8\"><a href=\"sms:?&body=https%3A%2F%2Ftierheim-moers.de%2FWordpress%2Ftierschutzjugend%2F\" title=\"Per SMS teilen\" aria-label=\"Per SMS teilen\" role=\"button\" rel=\"noopener nofollow\" class=\"shariff-link\" style=\"; background-color:#a1e877; color:#fff\" target=\"_blank\"><span class=\"shariff-icon\" style=\"\"><svg xmlns=\"http:\/\/www.w3.org\/2000\/svg\" width=\"510\" height=\"510\" viewBox=\"0 0 510 510\"><path fill=\"#a1e877\" d=\"M459 0H51C23 0 0 23 0 51v459l102-102h357c28.1 0 51-22.9 51-51V51C510 23 487.1 0 459 0zM178.5 229.5h-51v-51h51V229.5zM280.5 229.5h-51v-51h51V229.5zM382.5 229.5h-51v-51h51V229.5z\"\/><\/svg><\/span><\/a><\/li><\/ul><\/div>","protected":false},"excerpt":{"rendered":"<p>Die Tierschutzjugend trifft sich immer am ersten Samstag im Monat im Tierheim. Im Moment sind alle Pl\u00e4tze besetzt, w\u00fcrdest Du aber auch gerne mitmachen, dann schick doch einfach eine Email an\u00a0tierschutzjugend@tierheim-moers.de\u00a0! Rundgang durch das Tierheim. Was ist eine Quarant\u00e4ne? &#8230;in der Futterk\u00fcche des alten Hundehauses &#8230;im G\u00e4nsemarsch ins Kleintierhaus das &#8230;<\/p>\n","protected":false},"author":3,"featured_media":15474,"parent":0,"menu_order":0,"comment_status":"closed","ping_status":"closed","template":"","meta":{"ngg_post_thumbnail":0,"footnotes":""},"class_list":["post-11115","page","type-page","status-publish","has-post-thumbnail","hentry","column","threecol","has-thumbnail"],"yoast_head":"<!-- This site is optimized with the Yoast SEO plugin v24.6 - https:\/\/yoast.com\/wordpress\/plugins\/seo\/ -->\n<title>Tierschutzjugend | TIERHEIM MOERS<\/title>\n<meta name=\"robots\" content=\"index, follow, max-snippet:-1, max-image-preview:large, max-video-preview:-1\" \/>\n<link rel=\"canonical\" href=\"https:\/\/tierheim-moers.de\/Wordpress\/tierschutzjugend\/\" \/>\n<meta property=\"og:locale\" content=\"de_DE\" \/>\n<meta property=\"og:type\" content=\"article\" \/>\n<meta property=\"og:title\" content=\"Tierschutzjugend | TIERHEIM MOERS\" \/>\n<meta property=\"og:description\" content=\"Die Tierschutzjugend trifft sich immer am ersten Samstag im Monat im Tierheim. Im Moment sind alle Pl\u00e4tze besetzt, w\u00fcrdest Du aber auch &#8230;\" \/>\n<meta property=\"og:url\" content=\"https:\/\/tierheim-moers.de\/Wordpress\/tierschutzjugend\/\" \/>\n<meta property=\"og:site_name\" content=\"TIERHEIM MOERS\" \/>\n<meta property=\"article:publisher\" content=\"https:\/\/de-de.facebook.com\/moers.tierheim\" \/>\n<meta property=\"article:modified_time\" content=\"2019-12-07T14:28:47+00:00\" \/>\n<meta property=\"og:image\" content=\"https:\/\/tierheim-moers.de\/Wordpress\/wp-content\/uploads\/2016\/06\/GiroCents_Spendenuebergabe_0517-Oben.jpg\" \/>\n\t<meta property=\"og:image:width\" content=\"450\" \/>\n\t<meta property=\"og:image:height\" content=\"320\" \/>\n\t<meta property=\"og:image:type\" content=\"image\/jpeg\" \/>\n<meta name=\"twitter:card\" content=\"summary_large_image\" \/>\n<meta name=\"twitter:label1\" content=\"Gesch\u00e4tzte Lesezeit\" \/>\n\t<meta name=\"twitter:data1\" content=\"10\u00a0Minuten\" \/>\n<script type=\"application\/ld+json\" class=\"yoast-schema-graph\">{\"@context\":\"https:\/\/schema.org\",\"@graph\":[{\"@type\":\"WebPage\",\"@id\":\"https:\/\/tierheim-moers.de\/Wordpress\/tierschutzjugend\/\",\"url\":\"https:\/\/tierheim-moers.de\/Wordpress\/tierschutzjugend\/\",\"name\":\"Tierschutzjugend | TIERHEIM MOERS\",\"isPartOf\":{\"@id\":\"https:\/\/tierheim-moers.de\/Wordpress\/#website\"},\"primaryImageOfPage\":{\"@id\":\"https:\/\/tierheim-moers.de\/Wordpress\/tierschutzjugend\/#primaryimage\"},\"image\":{\"@id\":\"https:\/\/tierheim-moers.de\/Wordpress\/tierschutzjugend\/#primaryimage\"},\"thumbnailUrl\":\"https:\/\/tierheim-moers.de\/Wordpress\/wp-content\/uploads\/2016\/06\/GiroCents_Spendenuebergabe_0517-Oben.jpg\",\"datePublished\":\"2016-06-13T18:06:56+00:00\",\"dateModified\":\"2019-12-07T14:28:47+00:00\",\"breadcrumb\":{\"@id\":\"https:\/\/tierheim-moers.de\/Wordpress\/tierschutzjugend\/#breadcrumb\"},\"inLanguage\":\"de\",\"potentialAction\":[{\"@type\":\"ReadAction\",\"target\":[\"https:\/\/tierheim-moers.de\/Wordpress\/tierschutzjugend\/\"]}]},{\"@type\":\"ImageObject\",\"inLanguage\":\"de\",\"@id\":\"https:\/\/tierheim-moers.de\/Wordpress\/tierschutzjugend\/#primaryimage\",\"url\":\"https:\/\/tierheim-moers.de\/Wordpress\/wp-content\/uploads\/2016\/06\/GiroCents_Spendenuebergabe_0517-Oben.jpg\",\"contentUrl\":\"https:\/\/tierheim-moers.de\/Wordpress\/wp-content\/uploads\/2016\/06\/GiroCents_Spendenuebergabe_0517-Oben.jpg\",\"width\":450,\"height\":320},{\"@type\":\"BreadcrumbList\",\"@id\":\"https:\/\/tierheim-moers.de\/Wordpress\/tierschutzjugend\/#breadcrumb\",\"itemListElement\":[{\"@type\":\"ListItem\",\"position\":1,\"name\":\"Startseite\",\"item\":\"https:\/\/tierheim-moers.de\/Wordpress\/\"},{\"@type\":\"ListItem\",\"position\":2,\"name\":\"Tierschutzjugend\"}]},{\"@type\":\"WebSite\",\"@id\":\"https:\/\/tierheim-moers.de\/Wordpress\/#website\",\"url\":\"https:\/\/tierheim-moers.de\/Wordpress\/\",\"name\":\"Tierheim Moers\",\"description\":\"Tierheim | Hundepension | Tierschutz | Moers\",\"publisher\":{\"@id\":\"https:\/\/tierheim-moers.de\/Wordpress\/#organization\"},\"potentialAction\":[{\"@type\":\"SearchAction\",\"target\":{\"@type\":\"EntryPoint\",\"urlTemplate\":\"https:\/\/tierheim-moers.de\/Wordpress\/?s={search_term_string}\"},\"query-input\":{\"@type\":\"PropertyValueSpecification\",\"valueRequired\":true,\"valueName\":\"search_term_string\"}}],\"inLanguage\":\"de\"},{\"@type\":\"Organization\",\"@id\":\"https:\/\/tierheim-moers.de\/Wordpress\/#organization\",\"name\":\"Tierheim Moers\",\"url\":\"https:\/\/tierheim-moers.de\/Wordpress\/\",\"logo\":{\"@type\":\"ImageObject\",\"inLanguage\":\"de\",\"@id\":\"https:\/\/tierheim-moers.de\/Wordpress\/#\/schema\/logo\/image\/\",\"url\":\"https:\/\/tierheim-moers.de\/Wordpress\/wp-content\/uploads\/2014\/04\/Logo-TSV-Moers-V01-RGB-300.png\",\"contentUrl\":\"https:\/\/tierheim-moers.de\/Wordpress\/wp-content\/uploads\/2014\/04\/Logo-TSV-Moers-V01-RGB-300.png\",\"width\":1052,\"height\":1038,\"caption\":\"Tierheim Moers\"},\"image\":{\"@id\":\"https:\/\/tierheim-moers.de\/Wordpress\/#\/schema\/logo\/image\/\"},\"sameAs\":[\"https:\/\/de-de.facebook.com\/moers.tierheim\"]}]}<\/script>\n<!-- \/ Yoast SEO plugin. -->","yoast_head_json":{"title":"Tierschutzjugend | TIERHEIM MOERS","robots":{"index":"index","follow":"follow","max-snippet":"max-snippet:-1","max-image-preview":"max-image-preview:large","max-video-preview":"max-video-preview:-1"},"canonical":"https:\/\/tierheim-moers.de\/Wordpress\/tierschutzjugend\/","og_locale":"de_DE","og_type":"article","og_title":"Tierschutzjugend | TIERHEIM MOERS","og_description":"Die Tierschutzjugend trifft sich immer am ersten Samstag im Monat im Tierheim. Im Moment sind alle Pl\u00e4tze besetzt, w\u00fcrdest Du aber auch &#8230;","og_url":"https:\/\/tierheim-moers.de\/Wordpress\/tierschutzjugend\/","og_site_name":"TIERHEIM MOERS","article_publisher":"https:\/\/de-de.facebook.com\/moers.tierheim","article_modified_time":"2019-12-07T14:28:47+00:00","og_image":[{"width":450,"height":320,"url":"https:\/\/tierheim-moers.de\/Wordpress\/wp-content\/uploads\/2016\/06\/GiroCents_Spendenuebergabe_0517-Oben.jpg","type":"image\/jpeg"}],"twitter_card":"summary_large_image","twitter_misc":{"Gesch\u00e4tzte Lesezeit":"10\u00a0Minuten"},"schema":{"@context":"https:\/\/schema.org","@graph":[{"@type":"WebPage","@id":"https:\/\/tierheim-moers.de\/Wordpress\/tierschutzjugend\/","url":"https:\/\/tierheim-moers.de\/Wordpress\/tierschutzjugend\/","name":"Tierschutzjugend | TIERHEIM MOERS","isPartOf":{"@id":"https:\/\/tierheim-moers.de\/Wordpress\/#website"},"primaryImageOfPage":{"@id":"https:\/\/tierheim-moers.de\/Wordpress\/tierschutzjugend\/#primaryimage"},"image":{"@id":"https:\/\/tierheim-moers.de\/Wordpress\/tierschutzjugend\/#primaryimage"},"thumbnailUrl":"https:\/\/tierheim-moers.de\/Wordpress\/wp-content\/uploads\/2016\/06\/GiroCents_Spendenuebergabe_0517-Oben.jpg","datePublished":"2016-06-13T18:06:56+00:00","dateModified":"2019-12-07T14:28:47+00:00","breadcrumb":{"@id":"https:\/\/tierheim-moers.de\/Wordpress\/tierschutzjugend\/#breadcrumb"},"inLanguage":"de","potentialAction":[{"@type":"ReadAction","target":["https:\/\/tierheim-moers.de\/Wordpress\/tierschutzjugend\/"]}]},{"@type":"ImageObject","inLanguage":"de","@id":"https:\/\/tierheim-moers.de\/Wordpress\/tierschutzjugend\/#primaryimage","url":"https:\/\/tierheim-moers.de\/Wordpress\/wp-content\/uploads\/2016\/06\/GiroCents_Spendenuebergabe_0517-Oben.jpg","contentUrl":"https:\/\/tierheim-moers.de\/Wordpress\/wp-content\/uploads\/2016\/06\/GiroCents_Spendenuebergabe_0517-Oben.jpg","width":450,"height":320},{"@type":"BreadcrumbList","@id":"https:\/\/tierheim-moers.de\/Wordpress\/tierschutzjugend\/#breadcrumb","itemListElement":[{"@type":"ListItem","position":1,"name":"Startseite","item":"https:\/\/tierheim-moers.de\/Wordpress\/"},{"@type":"ListItem","position":2,"name":"Tierschutzjugend"}]},{"@type":"WebSite","@id":"https:\/\/tierheim-moers.de\/Wordpress\/#website","url":"https:\/\/tierheim-moers.de\/Wordpress\/","name":"Tierheim Moers","description":"Tierheim | Hundepension | Tierschutz | Moers","publisher":{"@id":"https:\/\/tierheim-moers.de\/Wordpress\/#organization"},"potentialAction":[{"@type":"SearchAction","target":{"@type":"EntryPoint","urlTemplate":"https:\/\/tierheim-moers.de\/Wordpress\/?s={search_term_string}"},"query-input":{"@type":"PropertyValueSpecification","valueRequired":true,"valueName":"search_term_string"}}],"inLanguage":"de"},{"@type":"Organization","@id":"https:\/\/tierheim-moers.de\/Wordpress\/#organization","name":"Tierheim Moers","url":"https:\/\/tierheim-moers.de\/Wordpress\/","logo":{"@type":"ImageObject","inLanguage":"de","@id":"https:\/\/tierheim-moers.de\/Wordpress\/#\/schema\/logo\/image\/","url":"https:\/\/tierheim-moers.de\/Wordpress\/wp-content\/uploads\/2014\/04\/Logo-TSV-Moers-V01-RGB-300.png","contentUrl":"https:\/\/tierheim-moers.de\/Wordpress\/wp-content\/uploads\/2014\/04\/Logo-TSV-Moers-V01-RGB-300.png","width":1052,"height":1038,"caption":"Tierheim Moers"},"image":{"@id":"https:\/\/tierheim-moers.de\/Wordpress\/#\/schema\/logo\/image\/"},"sameAs":["https:\/\/de-de.facebook.com\/moers.tierheim"]}]}},"_links":{"self":[{"href":"https:\/\/tierheim-moers.de\/Wordpress\/wp-json\/wp\/v2\/pages\/11115","targetHints":{"allow":["GET"]}}],"collection":[{"href":"https:\/\/tierheim-moers.de\/Wordpress\/wp-json\/wp\/v2\/pages"}],"about":[{"href":"https:\/\/tierheim-moers.de\/Wordpress\/wp-json\/wp\/v2\/types\/page"}],"author":[{"embeddable":true,"href":"https:\/\/tierheim-moers.de\/Wordpress\/wp-json\/wp\/v2\/users\/3"}],"replies":[{"embeddable":true,"href":"https:\/\/tierheim-moers.de\/Wordpress\/wp-json\/wp\/v2\/comments?post=11115"}],"version-history":[{"count":22,"href":"https:\/\/tierheim-moers.de\/Wordpress\/wp-json\/wp\/v2\/pages\/11115\/revisions"}],"predecessor-version":[{"id":28399,"href":"https:\/\/tierheim-moers.de\/Wordpress\/wp-json\/wp\/v2\/pages\/11115\/revisions\/28399"}],"wp:featuredmedia":[{"embeddable":true,"href":"https:\/\/tierheim-moers.de\/Wordpress\/wp-json\/wp\/v2\/media\/15474"}],"wp:attachment":[{"href":"https:\/\/tierheim-moers.de\/Wordpress\/wp-json\/wp\/v2\/media?parent=11115"}],"curies":[{"name":"wp","href":"https:\/\/api.w.org\/{rel}","templated":true}]}}