{"id":9167,"date":"2015-12-25T16:04:34","date_gmt":"2015-12-25T14:04:34","guid":{"rendered":"http:\/\/tierheim-moers.de\/Wordpress\/?page_id=9167"},"modified":"2015-12-25T16:04:34","modified_gmt":"2015-12-25T14:04:34","slug":"tommys-weihnachtsgruss-2015","status":"publish","type":"page","link":"https:\/\/tierheim-moers.de\/Wordpress\/tommys-weihnachtsgruss-2015\/","title":{"rendered":"Tommy&#8217;s Weihnachtsgru\u00df 2015"},"content":{"rendered":"<p>Miau, miau\u2026, ich wei\u00df gar nicht womit ich anfangen soll.<\/p>\n<p>Okay, das wichtigste zuerst. \ud83d\ude09<br \/>\nEs war dann doch kein Floh, der mich die letzten Tage ge\u00e4rgert hat. Sondern\u2026, ich darf Euch verk\u00fcnden, Euer Tommy hat seine erste Feder!<br \/>\nUrpl\u00f6tzlich, ohne weitere Ank\u00fcndigung, quasi \u00fcber Nacht war sie morgens <a href=\"http:\/\/tierheim-moers.de\/Wordpress\/wp-content\/uploads\/2014\/04\/Tommy.png\"><img fetchpriority=\"high\" decoding=\"async\" class=\"size-medium wp-image-6337 alignright\" alt=\"Tommy\" src=\"http:\/\/tierheim-moers.de\/Wordpress\/wp-content\/uploads\/2014\/04\/Tommy-300x300.png\" width=\"300\" height=\"300\" srcset=\"https:\/\/tierheim-moers.de\/Wordpress\/wp-content\/uploads\/2014\/04\/Tommy-300x300.png 300w, https:\/\/tierheim-moers.de\/Wordpress\/wp-content\/uploads\/2014\/04\/Tommy-150x150.png 150w, https:\/\/tierheim-moers.de\/Wordpress\/wp-content\/uploads\/2014\/04\/Tommy-268x268.png 268w, https:\/\/tierheim-moers.de\/Wordpress\/wp-content\/uploads\/2014\/04\/Tommy.png 403w\" sizes=\"(max-width: 300px) 100vw, 300px\" \/><\/a>einfach da. Ob die wohl daf\u00fcr ist, weil Ihr Euch zu Herzen nehmt, dass nicht \u201eauch\u201c Tierheimtiere sondern \u201egerade\u201c Tierheimtiere gutes Futter brauchen? K\u00f6nnte sein\u2026<br \/>\nAm liebsten w\u00e4re ich die ganze Zeit stolz wie ein Gockel umhergelaufen und h\u00e4tte sie jedem unter die Nase gehalten, meine erste Feder! Doch L\u00fcmmel (der Gute) meinte, ich solle mich in Bescheidenheit \u00fcben, eine Feder macht schlie\u00dflich noch keine Fl\u00fcgel.<br \/>\nNa gut, dann ich \u00fcbe ich mal, auch wenn`s schwer f\u00e4llt.<\/p>\n<p>So, und nun muss ich aber etwas weiter ausholen.<br \/>\nWie Ihr wisst, ist es dringend notwendig die Unterk\u00fcnfte f\u00fcr die Moerser Tierheim-Hunde zu verbessern. Nach mehr als 50 Jahren ist das alte Hundehaus wirklich \u201eabgewohnt\u201c.<br \/>\nAber so ein neues Hundehaus kostet sehr viel Geld, und das hat ein Tierschutzverein normalerweise nicht a\u00faf der Hohen Kante. Deshalb gibt es unser Projekt \u201eMoers gibt f\u00fcr Pf\u00f6tchen\u201c, an dem sich schon viele Spender beteiligt haben. Daf\u00fcr sind bis heute ca.\u20ac 60.000,00 eingegangen und obwohl das richtig viel Geld ist, reicht es nicht f\u00fcr ein solches Vorhaben. Bisher schien es so, als m\u00fcssten die Hunde und Tierpfleger im Tierheim noch lange auf das neue Hundehaus warten. Und dann passiert etwas, was selbst mich als Kater sentimental werden l\u00e4sst: Das hat nichts mit dem Geist der Weihnacht zu tun, aber Freud und Leid liegen oft so nah beieinander. Jemand hat einen geliebten Menschen verloren und uns in dessen Andenken einen gro\u00dfen Betrag f\u00fcr das neue Hundehaus gespendet. Die Worte von Andre Gide gaben hier jemandem Trost und Hoffnung zu gleich: \u201ewenn sich eine T\u00fcr schlie\u00dft, \u00f6ffnet sich eine andere\u201c. Sch\u00f6ner h\u00e4tte ich es nicht maunzen k\u00f6nnen und nicht nur ich musste mir verstohlen ein Tr\u00e4nchen wegwischen.<\/p>\n<p>Ja, und deshalb gab es letztens den besagten Termin des Vorstandes mit einer Projektbaufirma und zwei netten Architekten. Wenn ich alles richtig verstanden hab, steht rechtlich gesehen dem Bau nichts im Wege. Die ersten Entw\u00fcrfe sahen auch schon sehr vielversprechend aus. Gr\u00f6\u00dfere Hundezimmer, die sich je nach Bedarf noch miteinander verbinden lassen. Damit k\u00f6nnen die Hunde dann auch zusammen wohnen, wenn sie sich vertragen. Viel Tageslicht und R\u00fcckzugsm\u00f6glichkeiten sollen den Aufenthalt auch f\u00fcr gestresste Hunde angenehmer machen. Damit nichts vergessen wird, werden der Deutsche Tierschutzbund und das Veterin\u00e4ramt noch in die Planung mit einbezogen und ich bin genauso gespannt wie Ihr, wie die endg\u00fcltigen Pl\u00e4ne aussehen werden.<\/p>\n<p><div id='gallery-1' class='gallery galleryid-9167 gallery-columns-4 gallery-size-thumbnail'><figure class='gallery-item'>\n\t\t\t<div class='gallery-icon landscape'>\n\t\t\t\t<a rel='attachment' href='https:\/\/tierheim-moers.de\/Wordpress\/wunschbaumspenden\/img_6418\/'><img decoding=\"async\" width=\"150\" height=\"150\" src=\"https:\/\/tierheim-moers.de\/Wordpress\/wp-content\/uploads\/2015\/12\/IMG_6418-150x150.jpg\" class=\"attachment-thumbnail size-thumbnail\" alt=\"\" aria-describedby=\"gallery-1-9134\" srcset=\"https:\/\/tierheim-moers.de\/Wordpress\/wp-content\/uploads\/2015\/12\/IMG_6418-150x150.jpg 150w, https:\/\/tierheim-moers.de\/Wordpress\/wp-content\/uploads\/2015\/12\/IMG_6418-432x432.jpg 432w, https:\/\/tierheim-moers.de\/Wordpress\/wp-content\/uploads\/2015\/12\/IMG_6418-268x268.jpg 268w\" sizes=\"(max-width: 150px) 100vw, 150px\" \/><\/a>\n\t\t\t<\/div>\n\t\t\t\t<figcaption class='wp-caption-text gallery-caption' id='gallery-1-9134'>\n\t\t\t\tvon unserer Tierfreundin Sonja\n\t\t\t\t<\/figcaption><\/figure><figure class='gallery-item'>\n\t\t\t<div class='gallery-icon landscape'>\n\t\t\t\t<a rel='attachment' href='https:\/\/tierheim-moers.de\/Wordpress\/wunschbaumspenden\/img_6434\/'><img decoding=\"async\" width=\"150\" height=\"150\" src=\"https:\/\/tierheim-moers.de\/Wordpress\/wp-content\/uploads\/2015\/12\/IMG_6434-150x150.jpg\" class=\"attachment-thumbnail size-thumbnail\" alt=\"\" aria-describedby=\"gallery-1-9135\" srcset=\"https:\/\/tierheim-moers.de\/Wordpress\/wp-content\/uploads\/2015\/12\/IMG_6434-150x150.jpg 150w, https:\/\/tierheim-moers.de\/Wordpress\/wp-content\/uploads\/2015\/12\/IMG_6434-432x432.jpg 432w, https:\/\/tierheim-moers.de\/Wordpress\/wp-content\/uploads\/2015\/12\/IMG_6434-268x268.jpg 268w\" sizes=\"(max-width: 150px) 100vw, 150px\" \/><\/a>\n\t\t\t<\/div>\n\t\t\t\t<figcaption class='wp-caption-text gallery-caption' id='gallery-1-9135'>\n\t\t\t\tVielen Dank an Unbekannt\n\t\t\t\t<\/figcaption><\/figure><figure class='gallery-item'>\n\t\t\t<div class='gallery-icon portrait'>\n\t\t\t\t<a rel='attachment' href='https:\/\/tierheim-moers.de\/Wordpress\/tolle-idee\/img_6438\/'><img loading=\"lazy\" decoding=\"async\" width=\"150\" height=\"150\" src=\"https:\/\/tierheim-moers.de\/Wordpress\/wp-content\/uploads\/2015\/12\/IMG_6438-150x150.jpg\" class=\"attachment-thumbnail size-thumbnail\" alt=\"\" aria-describedby=\"gallery-1-9148\" srcset=\"https:\/\/tierheim-moers.de\/Wordpress\/wp-content\/uploads\/2015\/12\/IMG_6438-150x150.jpg 150w, https:\/\/tierheim-moers.de\/Wordpress\/wp-content\/uploads\/2015\/12\/IMG_6438-432x432.jpg 432w, https:\/\/tierheim-moers.de\/Wordpress\/wp-content\/uploads\/2015\/12\/IMG_6438-268x268.jpg 268w\" sizes=\"(max-width: 150px) 100vw, 150px\" \/><\/a>\n\t\t\t<\/div>\n\t\t\t\t<figcaption class='wp-caption-text gallery-caption' id='gallery-1-9148'>\n\t\t\t\tDanke an Jennifer und Dennis Sch\u00f6nke\n\t\t\t\t<\/figcaption><\/figure><figure class='gallery-item'>\n\t\t\t<div class='gallery-icon landscape'>\n\t\t\t\t<a rel='attachment' href='https:\/\/tierheim-moers.de\/Wordpress\/auch-diese-beiden\/wp_20151128_13_50_58_prospende-klein\/'><img loading=\"lazy\" decoding=\"async\" width=\"150\" height=\"150\" src=\"https:\/\/tierheim-moers.de\/Wordpress\/wp-content\/uploads\/2015\/12\/WP_20151128_13_50_58_ProSpende-klein-150x150.jpg\" class=\"attachment-thumbnail size-thumbnail\" alt=\"\" srcset=\"https:\/\/tierheim-moers.de\/Wordpress\/wp-content\/uploads\/2015\/12\/WP_20151128_13_50_58_ProSpende-klein-150x150.jpg 150w, https:\/\/tierheim-moers.de\/Wordpress\/wp-content\/uploads\/2015\/12\/WP_20151128_13_50_58_ProSpende-klein-432x432.jpg 432w, https:\/\/tierheim-moers.de\/Wordpress\/wp-content\/uploads\/2015\/12\/WP_20151128_13_50_58_ProSpende-klein-268x268.jpg 268w\" sizes=\"(max-width: 150px) 100vw, 150px\" \/><\/a>\n\t\t\t<\/div><\/figure>\n\t\t<\/div>\n<br \/>\nNun werden auch L\u00fcmmel und ich uns voll der weihnachtlichen Stimmung hingeben. Ich kann Euch sagen, hier oben im Himmel hat das eine ganz andere Bedeutung als bei Euch auf der Erde! Da geht mir mein kleines Herz auf. Gerne w\u00fcrde ich Euch sagen, vergesst doch mal den ganzen Geschenkerummel, nehmt Euch lieber an die Hand, oder an die Pfote, und macht was Sch\u00f6nes zusammen. Doch dann w\u00fcrden ja auch die Tierheimtiere keine Geschenke mehr bekommen, und das geht nat\u00fcrlich nicht.<\/p>\n<p>So meine Lieben, f\u00fchlt Euch ganz fest an meine Katerbrust gedr\u00fcckt, ich w\u00fcnsche Euch ein fr\u00f6hliches Weihnachtsfest und rutscht gut ins neue Jahr.<\/p>\n<p>Bis im neuen Jahr, es hebt die Pfote zum Gru\u00df\u2026<\/p>\n<p>Euer Tommy<br \/>\n(hoffe die himmlische Engelspost hat so kurzfristig keine Zustellprobleme)<\/p>\n<div class=\"shariff shariff-align-flex-start shariff-widget-align-center\" data-url=\"https%3A%2F%2Ftierheim-moers.de%2FWordpress%2Ftommys-weihnachtsgruss-2015%2F\" data-timestamp=\"1451059474\" data-hidezero=\"1\" data-backendurl=\"https:\/\/tierheim-moers.de\/Wordpress\/wp-json\/shariff\/v1\/share_counts?\"><ul class=\"shariff-buttons theme-round orientation-horizontal buttonsize-small\"><li class=\"shariff-button facebook shariff-nocustomcolor\" style=\"background-color:#4273c8\"><a href=\"https:\/\/www.facebook.com\/sharer\/sharer.php?u=https%3A%2F%2Ftierheim-moers.de%2FWordpress%2Ftommys-weihnachtsgruss-2015%2F\" title=\"Bei Facebook teilen\" aria-label=\"Bei Facebook teilen\" role=\"button\" rel=\"nofollow\" class=\"shariff-link\" style=\"; background-color:#3b5998; color:#fff\" target=\"_blank\"><span class=\"shariff-icon\" style=\"\"><svg width=\"32px\" height=\"20px\" xmlns=\"http:\/\/www.w3.org\/2000\/svg\" viewBox=\"0 0 18 32\"><path fill=\"#3b5998\" d=\"M17.1 0.2v4.7h-2.8q-1.5 0-2.1 0.6t-0.5 1.9v3.4h5.2l-0.7 5.3h-4.5v13.6h-5.5v-13.6h-4.5v-5.3h4.5v-3.9q0-3.3 1.9-5.2t5-1.8q2.6 0 4.1 0.2z\"\/><\/svg><\/span><\/a><\/li><li class=\"shariff-button twitter shariff-nocustomcolor\" style=\"background-color:#595959\"><a href=\"https:\/\/twitter.com\/share?url=https%3A%2F%2Ftierheim-moers.de%2FWordpress%2Ftommys-weihnachtsgruss-2015%2F&text=Tommy%E2%80%99s%20Weihnachtsgru%C3%9F%202015\" title=\"Bei X teilen\" aria-label=\"Bei X teilen\" role=\"button\" rel=\"noopener nofollow\" class=\"shariff-link\" style=\"; background-color:#000; color:#fff\" target=\"_blank\"><span class=\"shariff-icon\" style=\"\"><svg width=\"32px\" height=\"20px\" xmlns=\"http:\/\/www.w3.org\/2000\/svg\" viewBox=\"0 0 24 24\"><path fill=\"#000\" d=\"M14.258 10.152L23.176 0h-2.113l-7.747 8.813L7.133 0H0l9.352 13.328L0 23.973h2.113l8.176-9.309 6.531 9.309h7.133zm-2.895 3.293l-.949-1.328L2.875 1.56h3.246l6.086 8.523.945 1.328 7.91 11.078h-3.246zm0 0\"\/><\/svg><\/span><\/a><\/li><li class=\"shariff-button whatsapp shariff-nocustomcolor\" style=\"background-color:#5cbe4a\"><a href=\"https:\/\/api.whatsapp.com\/send?text=https%3A%2F%2Ftierheim-moers.de%2FWordpress%2Ftommys-weihnachtsgruss-2015%2F%20Tommy%E2%80%99s%20Weihnachtsgru%C3%9F%202015\" title=\"Bei Whatsapp teilen\" aria-label=\"Bei Whatsapp teilen\" role=\"button\" rel=\"noopener nofollow\" class=\"shariff-link\" style=\"; background-color:#34af23; color:#fff\" target=\"_blank\"><span class=\"shariff-icon\" style=\"\"><svg width=\"32px\" height=\"20px\" xmlns=\"http:\/\/www.w3.org\/2000\/svg\" viewBox=\"0 0 32 32\"><path fill=\"#34af23\" d=\"M17.6 17.4q0.2 0 1.7 0.8t1.6 0.9q0 0.1 0 0.3 0 0.6-0.3 1.4-0.3 0.7-1.3 1.2t-1.8 0.5q-1 0-3.4-1.1-1.7-0.8-3-2.1t-2.6-3.3q-1.3-1.9-1.3-3.5v-0.1q0.1-1.6 1.3-2.8 0.4-0.4 0.9-0.4 0.1 0 0.3 0t0.3 0q0.3 0 0.5 0.1t0.3 0.5q0.1 0.4 0.6 1.6t0.4 1.3q0 0.4-0.6 1t-0.6 0.8q0 0.1 0.1 0.3 0.6 1.3 1.8 2.4 1 0.9 2.7 1.8 0.2 0.1 0.4 0.1 0.3 0 1-0.9t0.9-0.9zM14 26.9q2.3 0 4.3-0.9t3.6-2.4 2.4-3.6 0.9-4.3-0.9-4.3-2.4-3.6-3.6-2.4-4.3-0.9-4.3 0.9-3.6 2.4-2.4 3.6-0.9 4.3q0 3.6 2.1 6.6l-1.4 4.2 4.3-1.4q2.8 1.9 6.2 1.9zM14 2.2q2.7 0 5.2 1.1t4.3 2.9 2.9 4.3 1.1 5.2-1.1 5.2-2.9 4.3-4.3 2.9-5.2 1.1q-3.5 0-6.5-1.7l-7.4 2.4 2.4-7.2q-1.9-3.2-1.9-6.9 0-2.7 1.1-5.2t2.9-4.3 4.3-2.9 5.2-1.1z\"\/><\/svg><\/span><\/a><\/li><li class=\"shariff-button sms shariff-nocustomcolor shariff-mobile\" style=\"background-color:#d7d9d8\"><a href=\"sms:?&body=https%3A%2F%2Ftierheim-moers.de%2FWordpress%2Ftommys-weihnachtsgruss-2015%2F\" title=\"Per SMS teilen\" aria-label=\"Per SMS teilen\" role=\"button\" rel=\"noopener nofollow\" class=\"shariff-link\" style=\"; background-color:#a1e877; color:#fff\" target=\"_blank\"><span class=\"shariff-icon\" style=\"\"><svg xmlns=\"http:\/\/www.w3.org\/2000\/svg\" width=\"510\" height=\"510\" viewBox=\"0 0 510 510\"><path fill=\"#a1e877\" d=\"M459 0H51C23 0 0 23 0 51v459l102-102h357c28.1 0 51-22.9 51-51V51C510 23 487.1 0 459 0zM178.5 229.5h-51v-51h51V229.5zM280.5 229.5h-51v-51h51V229.5zM382.5 229.5h-51v-51h51V229.5z\"\/><\/svg><\/span><\/a><\/li><\/ul><\/div>","protected":false},"excerpt":{"rendered":"<p>Miau, miau\u2026, ich wei\u00df gar nicht womit ich anfangen soll. Okay, das wichtigste zuerst. \ud83d\ude09 Es war dann doch kein Floh, der mich die letzten Tage ge\u00e4rgert hat. Sondern\u2026, ich darf Euch verk\u00fcnden, Euer Tommy hat seine erste Feder! Urpl\u00f6tzlich, ohne weitere Ank\u00fcndigung, quasi \u00fcber Nacht war sie morgens einfach &#8230;<\/p>\n","protected":false},"author":3,"featured_media":0,"parent":0,"menu_order":0,"comment_status":"closed","ping_status":"open","template":"","meta":{"ngg_post_thumbnail":0,"footnotes":""},"class_list":["post-9167","page","type-page","status-publish","hentry","column","threecol"],"yoast_head":"<!-- This site is optimized with the Yoast SEO plugin v24.6 - https:\/\/yoast.com\/wordpress\/plugins\/seo\/ -->\n<title>Tommy&#039;s Weihnachtsgru\u00df 2015 | TIERHEIM MOERS<\/title>\n<meta name=\"robots\" content=\"index, follow, max-snippet:-1, max-image-preview:large, max-video-preview:-1\" \/>\n<link rel=\"canonical\" href=\"https:\/\/tierheim-moers.de\/Wordpress\/tommys-weihnachtsgruss-2015\/\" \/>\n<meta property=\"og:locale\" content=\"de_DE\" \/>\n<meta property=\"og:type\" content=\"article\" \/>\n<meta property=\"og:title\" content=\"Tommy&#039;s Weihnachtsgru\u00df 2015 | TIERHEIM MOERS\" \/>\n<meta property=\"og:description\" content=\"Miau, miau\u2026, ich wei\u00df gar nicht womit ich anfangen soll. Okay, das wichtigste zuerst. \ud83d\ude09 Es war dann doch kein Floh, der &#8230;\" \/>\n<meta property=\"og:url\" content=\"https:\/\/tierheim-moers.de\/Wordpress\/tommys-weihnachtsgruss-2015\/\" \/>\n<meta property=\"og:site_name\" content=\"TIERHEIM MOERS\" \/>\n<meta property=\"article:publisher\" content=\"https:\/\/de-de.facebook.com\/moers.tierheim\" \/>\n<meta property=\"og:image\" content=\"https:\/\/tierheim-moers.de\/Wordpress\/wp-content\/uploads\/2015\/12\/IMG_6418-150x150.jpg\" \/>\n<meta name=\"twitter:card\" content=\"summary_large_image\" \/>\n<meta name=\"twitter:label1\" content=\"Gesch\u00e4tzte Lesezeit\" \/>\n\t<meta name=\"twitter:data1\" content=\"3\u00a0Minuten\" \/>\n<script type=\"application\/ld+json\" class=\"yoast-schema-graph\">{\"@context\":\"https:\/\/schema.org\",\"@graph\":[{\"@type\":\"WebPage\",\"@id\":\"https:\/\/tierheim-moers.de\/Wordpress\/tommys-weihnachtsgruss-2015\/\",\"url\":\"https:\/\/tierheim-moers.de\/Wordpress\/tommys-weihnachtsgruss-2015\/\",\"name\":\"Tommy's Weihnachtsgru\u00df 2015 | TIERHEIM MOERS\",\"isPartOf\":{\"@id\":\"https:\/\/tierheim-moers.de\/Wordpress\/#website\"},\"primaryImageOfPage\":{\"@id\":\"https:\/\/tierheim-moers.de\/Wordpress\/tommys-weihnachtsgruss-2015\/#primaryimage\"},\"image\":{\"@id\":\"https:\/\/tierheim-moers.de\/Wordpress\/tommys-weihnachtsgruss-2015\/#primaryimage\"},\"thumbnailUrl\":\"http:\/\/tierheim-moers.de\/Wordpress\/wp-content\/uploads\/2014\/04\/Tommy-300x300.png\",\"datePublished\":\"2015-12-25T14:04:34+00:00\",\"breadcrumb\":{\"@id\":\"https:\/\/tierheim-moers.de\/Wordpress\/tommys-weihnachtsgruss-2015\/#breadcrumb\"},\"inLanguage\":\"de\",\"potentialAction\":[{\"@type\":\"ReadAction\",\"target\":[\"https:\/\/tierheim-moers.de\/Wordpress\/tommys-weihnachtsgruss-2015\/\"]}]},{\"@type\":\"ImageObject\",\"inLanguage\":\"de\",\"@id\":\"https:\/\/tierheim-moers.de\/Wordpress\/tommys-weihnachtsgruss-2015\/#primaryimage\",\"url\":\"https:\/\/tierheim-moers.de\/Wordpress\/wp-content\/uploads\/2014\/04\/Tommy.png\",\"contentUrl\":\"https:\/\/tierheim-moers.de\/Wordpress\/wp-content\/uploads\/2014\/04\/Tommy.png\",\"width\":403,\"height\":403},{\"@type\":\"BreadcrumbList\",\"@id\":\"https:\/\/tierheim-moers.de\/Wordpress\/tommys-weihnachtsgruss-2015\/#breadcrumb\",\"itemListElement\":[{\"@type\":\"ListItem\",\"position\":1,\"name\":\"Startseite\",\"item\":\"https:\/\/tierheim-moers.de\/Wordpress\/\"},{\"@type\":\"ListItem\",\"position\":2,\"name\":\"Tommy&#8217;s Weihnachtsgru\u00df 2015\"}]},{\"@type\":\"WebSite\",\"@id\":\"https:\/\/tierheim-moers.de\/Wordpress\/#website\",\"url\":\"https:\/\/tierheim-moers.de\/Wordpress\/\",\"name\":\"Tierheim Moers\",\"description\":\"Tierheim | Hundepension | Tierschutz | Moers\",\"publisher\":{\"@id\":\"https:\/\/tierheim-moers.de\/Wordpress\/#organization\"},\"potentialAction\":[{\"@type\":\"SearchAction\",\"target\":{\"@type\":\"EntryPoint\",\"urlTemplate\":\"https:\/\/tierheim-moers.de\/Wordpress\/?s={search_term_string}\"},\"query-input\":{\"@type\":\"PropertyValueSpecification\",\"valueRequired\":true,\"valueName\":\"search_term_string\"}}],\"inLanguage\":\"de\"},{\"@type\":\"Organization\",\"@id\":\"https:\/\/tierheim-moers.de\/Wordpress\/#organization\",\"name\":\"Tierheim Moers\",\"url\":\"https:\/\/tierheim-moers.de\/Wordpress\/\",\"logo\":{\"@type\":\"ImageObject\",\"inLanguage\":\"de\",\"@id\":\"https:\/\/tierheim-moers.de\/Wordpress\/#\/schema\/logo\/image\/\",\"url\":\"https:\/\/tierheim-moers.de\/Wordpress\/wp-content\/uploads\/2014\/04\/Logo-TSV-Moers-V01-RGB-300.png\",\"contentUrl\":\"https:\/\/tierheim-moers.de\/Wordpress\/wp-content\/uploads\/2014\/04\/Logo-TSV-Moers-V01-RGB-300.png\",\"width\":1052,\"height\":1038,\"caption\":\"Tierheim Moers\"},\"image\":{\"@id\":\"https:\/\/tierheim-moers.de\/Wordpress\/#\/schema\/logo\/image\/\"},\"sameAs\":[\"https:\/\/de-de.facebook.com\/moers.tierheim\"]}]}<\/script>\n<!-- \/ Yoast SEO plugin. -->","yoast_head_json":{"title":"Tommy's Weihnachtsgru\u00df 2015 | TIERHEIM MOERS","robots":{"index":"index","follow":"follow","max-snippet":"max-snippet:-1","max-image-preview":"max-image-preview:large","max-video-preview":"max-video-preview:-1"},"canonical":"https:\/\/tierheim-moers.de\/Wordpress\/tommys-weihnachtsgruss-2015\/","og_locale":"de_DE","og_type":"article","og_title":"Tommy's Weihnachtsgru\u00df 2015 | TIERHEIM MOERS","og_description":"Miau, miau\u2026, ich wei\u00df gar nicht womit ich anfangen soll. Okay, das wichtigste zuerst. \ud83d\ude09 Es war dann doch kein Floh, der &#8230;","og_url":"https:\/\/tierheim-moers.de\/Wordpress\/tommys-weihnachtsgruss-2015\/","og_site_name":"TIERHEIM MOERS","article_publisher":"https:\/\/de-de.facebook.com\/moers.tierheim","og_image":[{"url":"https:\/\/tierheim-moers.de\/Wordpress\/wp-content\/uploads\/2015\/12\/IMG_6418-150x150.jpg","type":"","width":"","height":""}],"twitter_card":"summary_large_image","twitter_misc":{"Gesch\u00e4tzte Lesezeit":"3\u00a0Minuten"},"schema":{"@context":"https:\/\/schema.org","@graph":[{"@type":"WebPage","@id":"https:\/\/tierheim-moers.de\/Wordpress\/tommys-weihnachtsgruss-2015\/","url":"https:\/\/tierheim-moers.de\/Wordpress\/tommys-weihnachtsgruss-2015\/","name":"Tommy's Weihnachtsgru\u00df 2015 | TIERHEIM MOERS","isPartOf":{"@id":"https:\/\/tierheim-moers.de\/Wordpress\/#website"},"primaryImageOfPage":{"@id":"https:\/\/tierheim-moers.de\/Wordpress\/tommys-weihnachtsgruss-2015\/#primaryimage"},"image":{"@id":"https:\/\/tierheim-moers.de\/Wordpress\/tommys-weihnachtsgruss-2015\/#primaryimage"},"thumbnailUrl":"http:\/\/tierheim-moers.de\/Wordpress\/wp-content\/uploads\/2014\/04\/Tommy-300x300.png","datePublished":"2015-12-25T14:04:34+00:00","breadcrumb":{"@id":"https:\/\/tierheim-moers.de\/Wordpress\/tommys-weihnachtsgruss-2015\/#breadcrumb"},"inLanguage":"de","potentialAction":[{"@type":"ReadAction","target":["https:\/\/tierheim-moers.de\/Wordpress\/tommys-weihnachtsgruss-2015\/"]}]},{"@type":"ImageObject","inLanguage":"de","@id":"https:\/\/tierheim-moers.de\/Wordpress\/tommys-weihnachtsgruss-2015\/#primaryimage","url":"https:\/\/tierheim-moers.de\/Wordpress\/wp-content\/uploads\/2014\/04\/Tommy.png","contentUrl":"https:\/\/tierheim-moers.de\/Wordpress\/wp-content\/uploads\/2014\/04\/Tommy.png","width":403,"height":403},{"@type":"BreadcrumbList","@id":"https:\/\/tierheim-moers.de\/Wordpress\/tommys-weihnachtsgruss-2015\/#breadcrumb","itemListElement":[{"@type":"ListItem","position":1,"name":"Startseite","item":"https:\/\/tierheim-moers.de\/Wordpress\/"},{"@type":"ListItem","position":2,"name":"Tommy&#8217;s Weihnachtsgru\u00df 2015"}]},{"@type":"WebSite","@id":"https:\/\/tierheim-moers.de\/Wordpress\/#website","url":"https:\/\/tierheim-moers.de\/Wordpress\/","name":"Tierheim Moers","description":"Tierheim | Hundepension | Tierschutz | Moers","publisher":{"@id":"https:\/\/tierheim-moers.de\/Wordpress\/#organization"},"potentialAction":[{"@type":"SearchAction","target":{"@type":"EntryPoint","urlTemplate":"https:\/\/tierheim-moers.de\/Wordpress\/?s={search_term_string}"},"query-input":{"@type":"PropertyValueSpecification","valueRequired":true,"valueName":"search_term_string"}}],"inLanguage":"de"},{"@type":"Organization","@id":"https:\/\/tierheim-moers.de\/Wordpress\/#organization","name":"Tierheim Moers","url":"https:\/\/tierheim-moers.de\/Wordpress\/","logo":{"@type":"ImageObject","inLanguage":"de","@id":"https:\/\/tierheim-moers.de\/Wordpress\/#\/schema\/logo\/image\/","url":"https:\/\/tierheim-moers.de\/Wordpress\/wp-content\/uploads\/2014\/04\/Logo-TSV-Moers-V01-RGB-300.png","contentUrl":"https:\/\/tierheim-moers.de\/Wordpress\/wp-content\/uploads\/2014\/04\/Logo-TSV-Moers-V01-RGB-300.png","width":1052,"height":1038,"caption":"Tierheim Moers"},"image":{"@id":"https:\/\/tierheim-moers.de\/Wordpress\/#\/schema\/logo\/image\/"},"sameAs":["https:\/\/de-de.facebook.com\/moers.tierheim"]}]}},"_links":{"self":[{"href":"https:\/\/tierheim-moers.de\/Wordpress\/wp-json\/wp\/v2\/pages\/9167","targetHints":{"allow":["GET"]}}],"collection":[{"href":"https:\/\/tierheim-moers.de\/Wordpress\/wp-json\/wp\/v2\/pages"}],"about":[{"href":"https:\/\/tierheim-moers.de\/Wordpress\/wp-json\/wp\/v2\/types\/page"}],"author":[{"embeddable":true,"href":"https:\/\/tierheim-moers.de\/Wordpress\/wp-json\/wp\/v2\/users\/3"}],"replies":[{"embeddable":true,"href":"https:\/\/tierheim-moers.de\/Wordpress\/wp-json\/wp\/v2\/comments?post=9167"}],"version-history":[{"count":1,"href":"https:\/\/tierheim-moers.de\/Wordpress\/wp-json\/wp\/v2\/pages\/9167\/revisions"}],"predecessor-version":[{"id":9168,"href":"https:\/\/tierheim-moers.de\/Wordpress\/wp-json\/wp\/v2\/pages\/9167\/revisions\/9168"}],"wp:attachment":[{"href":"https:\/\/tierheim-moers.de\/Wordpress\/wp-json\/wp\/v2\/media?parent=9167"}],"curies":[{"name":"wp","href":"https:\/\/api.w.org\/{rel}","templated":true}]}}